{"id":10871,"date":"2021-12-23T10:26:57","date_gmt":"2021-12-23T08:26:57","guid":{"rendered":"https:\/\/marratxiesviu.es\/saber\/"},"modified":"2023-06-13T15:41:33","modified_gmt":"2023-06-13T13:41:33","slug":"saber","status":"publish","type":"page","link":"https:\/\/visitmarratxi.es\/de\/saber\/","title":{"rendered":"Blog"},"content":{"rendered":"<div class=\"wpb-content-wrapper\"><p>[vc_row][vc_column]<div class=\"gt-heading gt-dark gt-size1 gt-align-center\"><div class=\"gt-title\">WIR SPRECHEN \u00dcBER MARRATX\u00cd<\/div><div class=\"gt-separate\"><div class=\"gt-icon\"> <\/div><\/div><div class=\"gt-text\">M\u00f6chten Sie die aktuellen Ereignisse von Marratx\u00ed im Zusammenhang mit den Ereignissen der Stadt kennenlernen? Hier k\u00f6nnen Sie dies machen. Mit Nachrichten, Interviews, Reportagen, Meinungen und anderen Inhalten. Und was m\u00f6chten Sie wissen?<\/div><\/div>[\/vc_column][\/vc_row][vc_row][vc_column][vc_empty_space height=&#8220;100px&#8220;][\/vc_column][\/vc_row][vc_row][vc_column]<div class=\"gt-blog gt-style4\"><div class=\"gt-columns gt-column-2 gt-column-space-30\"><div class=\"gt-col\"><div class=\"gt-inner\"><div class=\"gt-post-style-1\"><div class=\"gt-image\"><a href=\"https:\/\/visitmarratxi.es\/de\/die-1-cursa-del-fang-bringt-450-laeufer-auf-einer-strecke-durch-die-toepfereien-von-portol-zusammen\/\"><img loading=\"lazy\" decoding=\"async\" width=\"870\" height=\"550\" src=\"https:\/\/visitmarratxi.es\/wp-content\/uploads\/2024\/07\/cursafang-header-870x550.jpg\" class=\"attachment-eventchamp-big-post size-eventchamp-big-post wp-post-image\" alt=\"\" \/><\/a><div class=\"gt-category\"><ul class=\"post-categories\">\n\t<li><a href=\"https:\/\/visitmarratxi.es\/de\/category\/events-de\/\" rel=\"category tag\">Events<\/a><\/li>\n\t<li><a href=\"https:\/\/visitmarratxi.es\/de\/category\/veranstaltungen\/\" rel=\"category tag\">Veranstaltungen<\/a><\/li><\/ul><\/div><\/div><div class=\"gt-title\"><a href=\"https:\/\/visitmarratxi.es\/de\/die-1-cursa-del-fang-bringt-450-laeufer-auf-einer-strecke-durch-die-toepfereien-von-portol-zusammen\/\">Die 1. Cursa del Fang bringt 450 L\u00e4ufer auf einer Strecke durch die T\u00f6pfereien von P\u00f2rtol zusammen<\/a><\/div><div class=\"gt-excerpt\">An dem Rennen nahmen Spitzensportler wie Adri\u00e0 Ceballos von ADA Calvi\u00e0 und der Argentinier Gianfranco Presti, Sieger des 7,5-km-Rennens, teil Die Veranstaltung umfasste ein nicht wettbewerbsorientiertes Rennen mit derselben Strecke und ein Kinderrennen. Alle Teilnehmer erhielten eine Sandmedaille\u00a0 Andreu Massot,...<\/div><div class=\"gt-bottom\"><ul><li><svg xmlns=\"http:\/\/www.w3.org\/2000\/svg\" viewBox=\"0 0 24 24\" fill=\"none\" stroke=\"currentColor\" stroke-width=\"2\" stroke-linecap=\"round\" stroke-linejoin=\"round\"><rect x=\"3\" y=\"4\" width=\"18\" height=\"18\" rx=\"2\" ry=\"2\"><\/rect><line x1=\"16\" y1=\"2\" x2=\"16\" y2=\"6\"><\/line><line x1=\"8\" y1=\"2\" x2=\"8\" y2=\"6\"><\/line><line x1=\"3\" y1=\"10\" x2=\"21\" y2=\"10\"><\/line><\/svg>22\/07\/2024<\/li><li><svg xmlns=\"http:\/\/www.w3.org\/2000\/svg\" viewBox=\"0 0 24 24\" fill=\"none\" stroke=\"currentColor\" stroke-width=\"2\" stroke-linecap=\"round\" stroke-linejoin=\"round\"><path d=\"M21 11.5a8.38 8.38 0 0 1-.9 3.8 8.5 8.5 0 0 1-7.6 4.7 8.38 8.38 0 0 1-3.8-.9L3 21l1.9-5.7a8.38 8.38 0 0 1-.9-3.8 8.5 8.5 0 0 1 4.7-7.6 8.38 8.38 0 0 1 3.8-.9h.5a8.48 8.48 0 0 1 8 8v.5z\"><\/path><\/svg>0 Comment<\/li><\/ul><\/div><\/div><\/div><\/div><div class=\"gt-col\"><div class=\"gt-inner\"><div class=\"gt-post-style-1\"><div class=\"gt-image\"><a href=\"https:\/\/visitmarratxi.es\/de\/es-forn-des-pla-de-na-tesa-feiert-sein-125-jaehriges-jubilaeum-mit-einer-riesigen-party\/\"><img loading=\"lazy\" decoding=\"async\" width=\"870\" height=\"550\" src=\"https:\/\/visitmarratxi.es\/wp-content\/uploads\/2024\/07\/esfornPDNT-header-870x550.jpg\" class=\"attachment-eventchamp-big-post size-eventchamp-big-post wp-post-image\" alt=\"\" \/><\/a><div class=\"gt-category\"><ul class=\"post-categories\">\n\t<li><a href=\"https:\/\/visitmarratxi.es\/de\/category\/keramik\/\" rel=\"category tag\">Keramik<\/a><\/li>\n\t<li><a href=\"https:\/\/visitmarratxi.es\/de\/category\/veranstaltungen\/\" rel=\"category tag\">Veranstaltungen<\/a><\/li><\/ul><\/div><\/div><div class=\"gt-title\"><a href=\"https:\/\/visitmarratxi.es\/de\/es-forn-des-pla-de-na-tesa-feiert-sein-125-jaehriges-jubilaeum-mit-einer-riesigen-party\/\">Es Forn d&#8217;Es Pla de na Tesa feiert sein 125-j\u00e4hriges Jubil\u00e4um mit einer riesigen Party<\/a><\/div><div class=\"gt-excerpt\">Hunderte von Besuchern feierten mit Musik und Essen den Geburtstag einer B\u00e4ckerei, die davon \u00fcberzeugt ist, dass \u201eTradition und Innovation perfekt koexistieren k\u00f6nnen\u201c. Ant\u00f2nia Roca, Ministerin f\u00fcr Kulturerbe des Inselrats von Mallorca: \u201eDas 125-j\u00e4hrige Bestehen eines Ofens zu feiern, der...<\/div><div class=\"gt-bottom\"><ul><li><svg xmlns=\"http:\/\/www.w3.org\/2000\/svg\" viewBox=\"0 0 24 24\" fill=\"none\" stroke=\"currentColor\" stroke-width=\"2\" stroke-linecap=\"round\" stroke-linejoin=\"round\"><rect x=\"3\" y=\"4\" width=\"18\" height=\"18\" rx=\"2\" ry=\"2\"><\/rect><line x1=\"16\" y1=\"2\" x2=\"16\" y2=\"6\"><\/line><line x1=\"8\" y1=\"2\" x2=\"8\" y2=\"6\"><\/line><line x1=\"3\" y1=\"10\" x2=\"21\" y2=\"10\"><\/line><\/svg>16\/07\/2024<\/li><li><svg xmlns=\"http:\/\/www.w3.org\/2000\/svg\" viewBox=\"0 0 24 24\" fill=\"none\" stroke=\"currentColor\" stroke-width=\"2\" stroke-linecap=\"round\" stroke-linejoin=\"round\"><path d=\"M21 11.5a8.38 8.38 0 0 1-.9 3.8 8.5 8.5 0 0 1-7.6 4.7 8.38 8.38 0 0 1-3.8-.9L3 21l1.9-5.7a8.38 8.38 0 0 1-.9-3.8 8.5 8.5 0 0 1 4.7-7.6 8.38 8.38 0 0 1 3.8-.9h.5a8.48 8.48 0 0 1 8 8v.5z\"><\/path><\/svg>0 Comment<\/li><\/ul><\/div><\/div><\/div><\/div><div class=\"gt-col\"><div class=\"gt-inner\"><div class=\"gt-post-style-1\"><div class=\"gt-image\"><a href=\"https:\/\/visitmarratxi.es\/de\/fang-tapa-wiederholt-seinen-erfolg-mit-weiteren-teilnehmenden-restaurants\/\"><img loading=\"lazy\" decoding=\"async\" width=\"870\" height=\"550\" src=\"https:\/\/visitmarratxi.es\/wp-content\/uploads\/2024\/07\/fangtapa-870x550.jpg\" class=\"attachment-eventchamp-big-post size-eventchamp-big-post wp-post-image\" alt=\"\" \/><\/a><div class=\"gt-category\"><ul class=\"post-categories\">\n\t<li><a href=\"https:\/\/visitmarratxi.es\/de\/category\/gastronomie\/\" rel=\"category tag\">Gastronomie<\/a><\/li>\n\t<li><a href=\"https:\/\/visitmarratxi.es\/de\/category\/veranstaltungen\/\" rel=\"category tag\">Veranstaltungen<\/a><\/li><\/ul><\/div><\/div><div class=\"gt-title\"><a href=\"https:\/\/visitmarratxi.es\/de\/fang-tapa-wiederholt-seinen-erfolg-mit-weiteren-teilnehmenden-restaurants\/\">Fang Tapa wiederholt seinen Erfolg mit weiteren teilnehmenden Restaurants<\/a><\/div><div class=\"gt-excerpt\">10 Betriebe haben an der Tapas-Zug-Route teilgenommen, mit zwei Neuzug\u00e4ngen im Vergleich zum Vorjahr Odette Torres: \u201eMit dieser Ausgabe machen wir das Benutzererlebnis noch besser, da mehr Bars und Tapas verf\u00fcgbar sind.\u201c Das Fang Tapa wird erneut als Familientag im...<\/div><div class=\"gt-bottom\"><ul><li><svg xmlns=\"http:\/\/www.w3.org\/2000\/svg\" viewBox=\"0 0 24 24\" fill=\"none\" stroke=\"currentColor\" stroke-width=\"2\" stroke-linecap=\"round\" stroke-linejoin=\"round\"><rect x=\"3\" y=\"4\" width=\"18\" height=\"18\" rx=\"2\" ry=\"2\"><\/rect><line x1=\"16\" y1=\"2\" x2=\"16\" y2=\"6\"><\/line><line x1=\"8\" y1=\"2\" x2=\"8\" y2=\"6\"><\/line><line x1=\"3\" y1=\"10\" x2=\"21\" y2=\"10\"><\/line><\/svg>15\/07\/2024<\/li><li><svg xmlns=\"http:\/\/www.w3.org\/2000\/svg\" viewBox=\"0 0 24 24\" fill=\"none\" stroke=\"currentColor\" stroke-width=\"2\" stroke-linecap=\"round\" stroke-linejoin=\"round\"><path d=\"M21 11.5a8.38 8.38 0 0 1-.9 3.8 8.5 8.5 0 0 1-7.6 4.7 8.38 8.38 0 0 1-3.8-.9L3 21l1.9-5.7a8.38 8.38 0 0 1-.9-3.8 8.5 8.5 0 0 1 4.7-7.6 8.38 8.38 0 0 1 3.8-.9h.5a8.48 8.48 0 0 1 8 8v.5z\"><\/path><\/svg>0 Comment<\/li><\/ul><\/div><\/div><\/div><\/div><div class=\"gt-col\"><div class=\"gt-inner\"><div class=\"gt-post-style-1\"><div class=\"gt-image\"><a href=\"https:\/\/visitmarratxi.es\/de\/marratxi-eroeffnet-den-ausstellungsraum-von-sa-refinadora-mit-dem-xxxvii-sant-marcal-malwettbewerb\/\"><img loading=\"lazy\" decoding=\"async\" width=\"870\" height=\"550\" src=\"https:\/\/visitmarratxi.es\/wp-content\/uploads\/2024\/07\/sarefinadora-870x550.jpg\" class=\"attachment-eventchamp-big-post size-eventchamp-big-post wp-post-image\" alt=\"\" \/><\/a><div class=\"gt-category\"><ul class=\"post-categories\">\n\t<li><a href=\"https:\/\/visitmarratxi.es\/de\/category\/art-de\/\" rel=\"category tag\">Art<\/a><\/li>\n\t<li><a href=\"https:\/\/visitmarratxi.es\/de\/category\/events-de\/\" rel=\"category tag\">Events<\/a><\/li>\n\t<li><a href=\"https:\/\/visitmarratxi.es\/de\/category\/kultur-de\/\" rel=\"category tag\">Kultur<\/a><\/li>\n\t<li><a href=\"https:\/\/visitmarratxi.es\/de\/category\/kulturraum\/\" rel=\"category tag\">Kulturraum<\/a><\/li>\n\t<li><a href=\"https:\/\/visitmarratxi.es\/de\/category\/veranstaltungen\/\" rel=\"category tag\">Veranstaltungen<\/a><\/li><\/ul><\/div><\/div><div class=\"gt-title\"><a href=\"https:\/\/visitmarratxi.es\/de\/marratxi-eroeffnet-den-ausstellungsraum-von-sa-refinadora-mit-dem-xxxvii-sant-marcal-malwettbewerb\/\">Marratx\u00ed er\u00f6ffnet den Ausstellungsraum von Sa Refinadora mit dem XXXVII Sant Mar\u00e7al Malwettbewerb<\/a><\/div><div class=\"gt-excerpt\">Die Ausstellung des Wettbewerbs markiert die Er\u00f6ffnung des neuen Ausstellungsraums nach Abschluss der ersten Renovierungsphase. Pepa Saut\u00e9 Ripoll hat mit ihrem Werk \u201eM\u00e9trica\u201c den Preis gewonnen, der in diesem Jahr auf 8.000 Euro gestiegen ist. Pepa Saut\u00e9 Ripoll wurde beim...<\/div><div class=\"gt-bottom\"><ul><li><svg xmlns=\"http:\/\/www.w3.org\/2000\/svg\" viewBox=\"0 0 24 24\" fill=\"none\" stroke=\"currentColor\" stroke-width=\"2\" stroke-linecap=\"round\" stroke-linejoin=\"round\"><rect x=\"3\" y=\"4\" width=\"18\" height=\"18\" rx=\"2\" ry=\"2\"><\/rect><line x1=\"16\" y1=\"2\" x2=\"16\" y2=\"6\"><\/line><line x1=\"8\" y1=\"2\" x2=\"8\" y2=\"6\"><\/line><line x1=\"3\" y1=\"10\" x2=\"21\" y2=\"10\"><\/line><\/svg>08\/07\/2024<\/li><li><svg xmlns=\"http:\/\/www.w3.org\/2000\/svg\" viewBox=\"0 0 24 24\" fill=\"none\" stroke=\"currentColor\" stroke-width=\"2\" stroke-linecap=\"round\" stroke-linejoin=\"round\"><path d=\"M21 11.5a8.38 8.38 0 0 1-.9 3.8 8.5 8.5 0 0 1-7.6 4.7 8.38 8.38 0 0 1-3.8-.9L3 21l1.9-5.7a8.38 8.38 0 0 1-.9-3.8 8.5 8.5 0 0 1 4.7-7.6 8.38 8.38 0 0 1 3.8-.9h.5a8.48 8.48 0 0 1 8 8v.5z\"><\/path><\/svg>0 Comment<\/li><\/ul><\/div><\/div><\/div><\/div><div class=\"gt-col\"><div class=\"gt-inner\"><div class=\"gt-post-style-1\"><div class=\"gt-image\"><a href=\"https:\/\/visitmarratxi.es\/de\/sieben-olleries-in-marratxi-erhalten-die-auszeichnung-emblematics-balears\/\"><img loading=\"lazy\" decoding=\"async\" width=\"870\" height=\"550\" src=\"https:\/\/visitmarratxi.es\/wp-content\/uploads\/2024\/07\/olleria1-870x550.jpg\" class=\"attachment-eventchamp-big-post size-eventchamp-big-post wp-post-image\" alt=\"\" \/><\/a><div class=\"gt-category\"><ul class=\"post-categories\">\n\t<li><a href=\"https:\/\/visitmarratxi.es\/de\/category\/keramik\/\" rel=\"category tag\">Keramik<\/a><\/li>\n\t<li><a href=\"https:\/\/visitmarratxi.es\/de\/category\/kultur-de\/\" rel=\"category tag\">Kultur<\/a><\/li>\n\t<li><a href=\"https:\/\/visitmarratxi.es\/de\/category\/veranstaltungen\/\" rel=\"category tag\">Veranstaltungen<\/a><\/li><\/ul><\/div><\/div><div class=\"gt-title\"><a href=\"https:\/\/visitmarratxi.es\/de\/sieben-olleries-in-marratxi-erhalten-die-auszeichnung-emblematics-balears\/\">Sieben \u201eolleries\u201c in Marratx\u00ed erhalten die Auszeichnung Emblem\u00e0tics Balears<\/a><\/div><div class=\"gt-excerpt\">Alejandro S\u00e1enz de San Pedro: &#8222;Es ist entscheidend, die t\u00e4gliche Arbeit dieser kleinen Unternehmen und Handwerker mit dieser Art von Auszeichnungen zu w\u00fcrdigen&#8220; Jaume Llompart: &#8222;Die Siurells und die T\u00f6pfe sind ein Verbindungspunkt und erm\u00f6glichen es, einen starken Stolz auf...<\/div><div class=\"gt-bottom\"><ul><li><svg xmlns=\"http:\/\/www.w3.org\/2000\/svg\" viewBox=\"0 0 24 24\" fill=\"none\" stroke=\"currentColor\" stroke-width=\"2\" stroke-linecap=\"round\" stroke-linejoin=\"round\"><rect x=\"3\" y=\"4\" width=\"18\" height=\"18\" rx=\"2\" ry=\"2\"><\/rect><line x1=\"16\" y1=\"2\" x2=\"16\" y2=\"6\"><\/line><line x1=\"8\" y1=\"2\" x2=\"8\" y2=\"6\"><\/line><line x1=\"3\" y1=\"10\" x2=\"21\" y2=\"10\"><\/line><\/svg>08\/07\/2024<\/li><li><svg xmlns=\"http:\/\/www.w3.org\/2000\/svg\" viewBox=\"0 0 24 24\" fill=\"none\" stroke=\"currentColor\" stroke-width=\"2\" stroke-linecap=\"round\" stroke-linejoin=\"round\"><path d=\"M21 11.5a8.38 8.38 0 0 1-.9 3.8 8.5 8.5 0 0 1-7.6 4.7 8.38 8.38 0 0 1-3.8-.9L3 21l1.9-5.7a8.38 8.38 0 0 1-.9-3.8 8.5 8.5 0 0 1 4.7-7.6 8.38 8.38 0 0 1 3.8-.9h.5a8.48 8.48 0 0 1 8 8v.5z\"><\/path><\/svg>0 Comment<\/li><\/ul><\/div><\/div><\/div><\/div><div class=\"gt-col\"><div class=\"gt-inner\"><div class=\"gt-post-style-1\"><div class=\"gt-image\"><a href=\"https:\/\/visitmarratxi.es\/de\/lokaler-rock-eroeffnet-die-festes-de-sant-marcal-mit-mehr-als-700-teilnehmern-und-einem-dutzend-bands-im-marrockxi\/\"><img loading=\"lazy\" decoding=\"async\" width=\"859\" height=\"550\" src=\"https:\/\/visitmarratxi.es\/wp-content\/uploads\/2024\/06\/marrockxi-859x550.png\" class=\"attachment-eventchamp-big-post size-eventchamp-big-post wp-post-image\" alt=\"\" \/><\/a><div class=\"gt-category\"><ul class=\"post-categories\">\n\t<li><a href=\"https:\/\/visitmarratxi.es\/de\/category\/musik\/\" rel=\"category tag\">Musik<\/a><\/li>\n\t<li><a href=\"https:\/\/visitmarratxi.es\/de\/category\/veranstaltungen\/\" rel=\"category tag\">Veranstaltungen<\/a><\/li><\/ul><\/div><\/div><div class=\"gt-title\"><a href=\"https:\/\/visitmarratxi.es\/de\/lokaler-rock-eroeffnet-die-festes-de-sant-marcal-mit-mehr-als-700-teilnehmern-und-einem-dutzend-bands-im-marrockxi\/\">Lokaler Rock er\u00f6ffnet die Festes de Sant Mar\u00e7al mit mehr als 700 Teilnehmern und einem Dutzend Bands im Marrockx\u00ed<\/a><\/div><div class=\"gt-excerpt\">Die Stadtr\u00e4tin f\u00fcr Jugend, Carlota Ariza: \u201eWir sind sehr gl\u00fccklich, denn es war voll und sie haben bis zum Ende gefeiert.\u201c Mehr als sechs Stunden Musik sorgten daf\u00fcr, dass Hunderte von Rockfans das Rotllo de Sant Mar\u00e7al f\u00fcllten Gestern Abend...<\/div><div class=\"gt-bottom\"><ul><li><svg xmlns=\"http:\/\/www.w3.org\/2000\/svg\" viewBox=\"0 0 24 24\" fill=\"none\" stroke=\"currentColor\" stroke-width=\"2\" stroke-linecap=\"round\" stroke-linejoin=\"round\"><rect x=\"3\" y=\"4\" width=\"18\" height=\"18\" rx=\"2\" ry=\"2\"><\/rect><line x1=\"16\" y1=\"2\" x2=\"16\" y2=\"6\"><\/line><line x1=\"8\" y1=\"2\" x2=\"8\" y2=\"6\"><\/line><line x1=\"3\" y1=\"10\" x2=\"21\" y2=\"10\"><\/line><\/svg>24\/06\/2024<\/li><li><svg xmlns=\"http:\/\/www.w3.org\/2000\/svg\" viewBox=\"0 0 24 24\" fill=\"none\" stroke=\"currentColor\" stroke-width=\"2\" stroke-linecap=\"round\" stroke-linejoin=\"round\"><path d=\"M21 11.5a8.38 8.38 0 0 1-.9 3.8 8.5 8.5 0 0 1-7.6 4.7 8.38 8.38 0 0 1-3.8-.9L3 21l1.9-5.7a8.38 8.38 0 0 1-.9-3.8 8.5 8.5 0 0 1 4.7-7.6 8.38 8.38 0 0 1 3.8-.9h.5a8.48 8.48 0 0 1 8 8v.5z\"><\/path><\/svg>0 Comment<\/li><\/ul><\/div><\/div><\/div><\/div><\/div><nav class=\"gt-pagination\"><ul><li><a href=\"https:\/\/visitmarratxi.es\/de\/wp-json\/wp\/v2\/pages\/10871\/page\/2\/\" >Weiter<\/a><\/li><\/ul><\/nav><\/div>[\/vc_column][\/vc_row]<\/p>\n<\/div>","protected":false},"excerpt":{"rendered":"<p>[vc_row][vc_column][\/vc_column][\/vc_row][vc_row][vc_column][vc_empty_space height=&#8220;100px&#8220;][\/vc_column][\/vc_row][vc_row][vc_column][\/vc_column][\/vc_row]<\/p>\n","protected":false},"author":6,"featured_media":0,"parent":0,"menu_order":0,"comment_status":"closed","ping_status":"closed","template":"","meta":{"footnotes":""},"class_list":["post-10871","page","type-page","status-publish","hentry"],"_links":{"self":[{"href":"https:\/\/visitmarratxi.es\/de\/wp-json\/wp\/v2\/pages\/10871","targetHints":{"allow":["GET"]}}],"collection":[{"href":"https:\/\/visitmarratxi.es\/de\/wp-json\/wp\/v2\/pages"}],"about":[{"href":"https:\/\/visitmarratxi.es\/de\/wp-json\/wp\/v2\/types\/page"}],"author":[{"embeddable":true,"href":"https:\/\/visitmarratxi.es\/de\/wp-json\/wp\/v2\/users\/6"}],"replies":[{"embeddable":true,"href":"https:\/\/visitmarratxi.es\/de\/wp-json\/wp\/v2\/comments?post=10871"}],"version-history":[{"count":2,"href":"https:\/\/visitmarratxi.es\/de\/wp-json\/wp\/v2\/pages\/10871\/revisions"}],"predecessor-version":[{"id":10971,"href":"https:\/\/visitmarratxi.es\/de\/wp-json\/wp\/v2\/pages\/10871\/revisions\/10971"}],"wp:attachment":[{"href":"https:\/\/visitmarratxi.es\/de\/wp-json\/wp\/v2\/media?parent=10871"}],"curies":[{"name":"wp","href":"https:\/\/api.w.org\/{rel}","templated":true}]}}