{"id":11470,"date":"2021-12-23T12:16:53","date_gmt":"2021-12-23T10:16:53","guid":{"rendered":"https:\/\/marratxiesviu.es\/multiple-v1\/"},"modified":"2024-07-15T12:52:00","modified_gmt":"2024-07-15T10:52:00","slug":"multiple-v1","status":"publish","type":"page","link":"https:\/\/visitmarratxi.es\/de\/","title":{"rendered":"Home"},"content":{"rendered":"<div class=\"wpb-content-wrapper\"><p>[vc_row full_width=&#8220;stretch_row_content_no_spaces&#8220; full_height=&#8220;yes&#8220; disable_element=&#8220;yes&#8220;][vc_column][\/vc_column][\/vc_row][vc_row full_width=&#8220;stretch_row_content_no_spaces&#8220;][vc_column offset=&#8220;vc_col-xs-12&#8243;]<div class=\"gt-eventchamp-slider\" style=\"height:600px;\"><div class=\"swiper-container gt-swiper-slider\" data-gt-item=\"1\" data-gt-item-space=\"0\" data-gt-loop=\"true\" data-gt-speed=\"300\" data-gt-direction=\"horizontal\" data-gt-effect=\"slide\" data-gt-centered-slides=\"false\" data-gt-free-mode=\"false\"><div class=\"swiper-wrapper\"><div class=\"swiper-slide\" data-swiper-autoplay=\"\"><div class=\"gt-slide-inner gt-background-position-center-center gt-background-attachment-default gt-background-size-cover gt-background-repeat-default\" style=\"background-image:url(https:\/\/visitmarratxi.es\/wp-content\/uploads\/2022\/09\/Slider-capcalera-e1714373706899.png);\"><div class=\"gt-opacity\" style=\"opacity: 0.4; background-color: #000000;\"><\/div><div class=\"gt-slider-content\"><div class=\"gt-title\"><span class=\"gt-primary\">Museu<\/span><span class=\"gt-secondary\">del Fang<\/span><\/div><div class=\"gt-text\"><p>Mehr als 900 St\u00fcck<\/p>\n<\/div><div class=\"gt-buttons\"><a href=\"http:\/\/visitmarratxi.es\/de\/ort\/museum-fang\/\" target=\"_blank\"><span>Mehr sehen<\/span><\/a><\/div><\/div><\/div><\/div><div class=\"swiper-slide\" data-swiper-autoplay=\"\"><div class=\"gt-slide-inner gt-background-position-default gt-background-attachment-default gt-background-size-default gt-background-repeat-default\" style=\"background-image:url(https:\/\/visitmarratxi.es\/wp-content\/uploads\/2024\/06\/125fornpla.jpg);\"><div class=\"gt-slider-content\"><div class=\"gt-title\"><span class=\"gt-primary\">125 Jahre<\/span><span class=\"gt-secondary\">Es Forn del Pla de Na Tesa<\/span><\/div><div class=\"gt-text\"><p>Kennen Sie die Geschichte<\/p>\n<\/div><div class=\"gt-buttons\"><a href=\"http:\/\/visitmarratxi.es\/de\/lloc\/125-jahrestag-von-es-forn-del-pla-de-na-tesa\/\" target=\"_parent\"><span>Mehr Info<\/span><\/a><\/div><\/div><\/div><\/div><div class=\"swiper-slide\" data-swiper-autoplay=\"\"><div class=\"gt-slide-inner gt-background-position-center-center gt-background-attachment-default gt-background-size-cover gt-background-repeat-no-repeat\" style=\"background-image:url(https:\/\/visitmarratxi.es\/wp-content\/uploads\/2022\/04\/Diseno-sin-titulo-19.png);\"><div class=\"gt-opacity\" style=\"opacity: 0.4; background-color: #000000;\"><\/div><div class=\"gt-slider-content\"><div class=\"gt-title\"><span class=\"gt-primary\">Emblematische<\/span><span class=\"gt-secondary\">Gesch\u00e4fte<\/span><\/div><div class=\"gt-text\"><p>Entdecken Sie einzigartige Betriebe<\/p>\n<\/div><div class=\"gt-buttons\"><a href=\"http:\/\/visitmarratxi.es\/de\/ort\/emblematische-geschafte\/\" target=\"_blank\"><span>Mehr sehen<\/span><\/a><\/div><\/div><\/div><\/div><div class=\"swiper-slide\" data-swiper-autoplay=\"\"><div class=\"gt-slide-inner gt-background-position-center-center gt-background-attachment-default gt-background-size-cover gt-background-repeat-default\" style=\"background-image:url(https:\/\/visitmarratxi.es\/wp-content\/uploads\/2022\/09\/Slider-capcalera-1.png);\"><div class=\"gt-opacity\" style=\"opacity: 0.4; background-color: #000000;\"><\/div><div class=\"gt-slider-content\"><div class=\"gt-title\"><span class=\"gt-primary\">Gesunde <\/span><span class=\"gt-secondary\">Routen<\/span><\/div><div class=\"gt-text\"><p>Wir empfehlen Ihnen, einen dieser entspannenden Spazierg\u00e4nge zu unternehmen<\/p>\n<\/div><div class=\"gt-buttons\"><a href=\"http:\/\/visitmarratxi.es\/de\/ort\/gesunde-routen\/\" target=\"_blank\"><span>Mehr sehen<\/span><\/a><\/div><\/div><\/div><\/div><div class=\"swiper-slide\" data-swiper-autoplay=\"\"><div class=\"gt-slide-inner gt-background-position-center-center gt-background-attachment-default gt-background-size-cover gt-background-repeat-default\" style=\"background-image:url(https:\/\/visitmarratxi.es\/wp-content\/uploads\/2022\/09\/Slider-capcalera-2.png);\"><div class=\"gt-opacity\" style=\"opacity: 0.4; background-color: #000000;\"><\/div><div class=\"gt-slider-content\"><div class=\"gt-title\"><span class=\"gt-primary\">Son Bonet: <\/span><span class=\"gt-secondary\">Mallorquinische Luftfahrtgeschichte<\/span><\/div><div class=\"gt-text\"><p>Weitere Infos im Blog<\/p>\n<\/div><div class=\"gt-buttons\"><a href=\"http:\/\/visitmarratxi.es\/de\/son-bonet-historia-de-laviacio-mallorquina\/\" target=\"_blank\"><span>Mehr sehen<\/span><\/a><\/div><\/div><\/div><\/div><\/div><div class=\"swiper-pagination gt-slider-pagination gt-style-1\"><\/div><\/div><\/div>[\/vc_column][\/vc_row][vc_row][vc_column][vc_empty_space height=&#8220;50px&#8220;]<div class=\"gt-heading gt-dark gt-size1 gt-align-center\"><div class=\"gt-title\">Pl\u00e4ne in Marratx\u00ed<\/div><\/div>[vc_empty_space height=&#8220;50px&#8220;]<div class=\"gt-event-listing\"><div class=\"gt-columns gt-column-4\"><\/div><\/div>[vc_empty_space height=&#8220;50px&#8220;][vc_separator border_width=&#8220;4&#8243; el_width=&#8220;70&#8243;][vc_empty_space height=&#8220;50px&#8220;]<div class=\"gt-blog gt-style4\"><div class=\"gt-columns gt-column-2 gt-column-space-30\"><div class=\"gt-col\"><div class=\"gt-inner\"><div class=\"gt-post-style-1\"><div class=\"gt-image\"><a href=\"https:\/\/visitmarratxi.es\/de\/die-1-cursa-del-fang-bringt-450-laeufer-auf-einer-strecke-durch-die-toepfereien-von-portol-zusammen\/\"><img loading=\"lazy\" decoding=\"async\" width=\"870\" height=\"550\" src=\"https:\/\/visitmarratxi.es\/wp-content\/uploads\/2024\/07\/cursafang-header-870x550.jpg\" class=\"attachment-eventchamp-big-post size-eventchamp-big-post wp-post-image\" alt=\"\" \/><\/a><\/div><div class=\"gt-title\"><a href=\"https:\/\/visitmarratxi.es\/de\/die-1-cursa-del-fang-bringt-450-laeufer-auf-einer-strecke-durch-die-toepfereien-von-portol-zusammen\/\">Die 1. Cursa del Fang bringt 450 L\u00e4ufer auf einer Strecke durch die T\u00f6pfereien von P\u00f2rtol zusammen<\/a><\/div><div class=\"gt-bottom\"><ul><li><svg xmlns=\"http:\/\/www.w3.org\/2000\/svg\" viewBox=\"0 0 24 24\" fill=\"none\" stroke=\"currentColor\" stroke-width=\"2\" stroke-linecap=\"round\" stroke-linejoin=\"round\"><rect x=\"3\" y=\"4\" width=\"18\" height=\"18\" rx=\"2\" ry=\"2\"><\/rect><line x1=\"16\" y1=\"2\" x2=\"16\" y2=\"6\"><\/line><line x1=\"8\" y1=\"2\" x2=\"8\" y2=\"6\"><\/line><line x1=\"3\" y1=\"10\" x2=\"21\" y2=\"10\"><\/line><\/svg>22. Juli 2024<\/li><li><svg xmlns=\"http:\/\/www.w3.org\/2000\/svg\" viewBox=\"0 0 24 24\" fill=\"none\" stroke=\"currentColor\" stroke-width=\"2\" stroke-linecap=\"round\" stroke-linejoin=\"round\"><path d=\"M21 11.5a8.38 8.38 0 0 1-.9 3.8 8.5 8.5 0 0 1-7.6 4.7 8.38 8.38 0 0 1-3.8-.9L3 21l1.9-5.7a8.38 8.38 0 0 1-.9-3.8 8.5 8.5 0 0 1 4.7-7.6 8.38 8.38 0 0 1 3.8-.9h.5a8.48 8.48 0 0 1 8 8v.5z\"><\/path><\/svg>0 Comment<\/li><\/ul><\/div><\/div><\/div><\/div><div class=\"gt-col\"><div class=\"gt-inner\"><div class=\"gt-post-style-1\"><div class=\"gt-image\"><a href=\"https:\/\/visitmarratxi.es\/de\/es-forn-des-pla-de-na-tesa-feiert-sein-125-jaehriges-jubilaeum-mit-einer-riesigen-party\/\"><img loading=\"lazy\" decoding=\"async\" width=\"870\" height=\"550\" src=\"https:\/\/visitmarratxi.es\/wp-content\/uploads\/2024\/07\/esfornPDNT-header-870x550.jpg\" class=\"attachment-eventchamp-big-post size-eventchamp-big-post wp-post-image\" alt=\"\" \/><\/a><\/div><div class=\"gt-title\"><a href=\"https:\/\/visitmarratxi.es\/de\/es-forn-des-pla-de-na-tesa-feiert-sein-125-jaehriges-jubilaeum-mit-einer-riesigen-party\/\">Es Forn d&#8217;Es Pla de na Tesa feiert sein 125-j\u00e4hriges Jubil\u00e4um mit einer riesigen Party<\/a><\/div><div class=\"gt-bottom\"><ul><li><svg xmlns=\"http:\/\/www.w3.org\/2000\/svg\" viewBox=\"0 0 24 24\" fill=\"none\" stroke=\"currentColor\" stroke-width=\"2\" stroke-linecap=\"round\" stroke-linejoin=\"round\"><rect x=\"3\" y=\"4\" width=\"18\" height=\"18\" rx=\"2\" ry=\"2\"><\/rect><line x1=\"16\" y1=\"2\" x2=\"16\" y2=\"6\"><\/line><line x1=\"8\" y1=\"2\" x2=\"8\" y2=\"6\"><\/line><line x1=\"3\" y1=\"10\" x2=\"21\" y2=\"10\"><\/line><\/svg>16. Juli 2024<\/li><li><svg xmlns=\"http:\/\/www.w3.org\/2000\/svg\" viewBox=\"0 0 24 24\" fill=\"none\" stroke=\"currentColor\" stroke-width=\"2\" stroke-linecap=\"round\" stroke-linejoin=\"round\"><path d=\"M21 11.5a8.38 8.38 0 0 1-.9 3.8 8.5 8.5 0 0 1-7.6 4.7 8.38 8.38 0 0 1-3.8-.9L3 21l1.9-5.7a8.38 8.38 0 0 1-.9-3.8 8.5 8.5 0 0 1 4.7-7.6 8.38 8.38 0 0 1 3.8-.9h.5a8.48 8.48 0 0 1 8 8v.5z\"><\/path><\/svg>0 Comment<\/li><\/ul><\/div><\/div><\/div><\/div><div class=\"gt-col\"><div class=\"gt-inner\"><div class=\"gt-post-style-1\"><div class=\"gt-image\"><a href=\"https:\/\/visitmarratxi.es\/de\/fang-tapa-wiederholt-seinen-erfolg-mit-weiteren-teilnehmenden-restaurants\/\"><img loading=\"lazy\" decoding=\"async\" width=\"870\" height=\"550\" src=\"https:\/\/visitmarratxi.es\/wp-content\/uploads\/2024\/07\/fangtapa-870x550.jpg\" class=\"attachment-eventchamp-big-post size-eventchamp-big-post wp-post-image\" alt=\"\" \/><\/a><\/div><div class=\"gt-title\"><a href=\"https:\/\/visitmarratxi.es\/de\/fang-tapa-wiederholt-seinen-erfolg-mit-weiteren-teilnehmenden-restaurants\/\">Fang Tapa wiederholt seinen Erfolg mit weiteren teilnehmenden Restaurants<\/a><\/div><div class=\"gt-bottom\"><ul><li><svg xmlns=\"http:\/\/www.w3.org\/2000\/svg\" viewBox=\"0 0 24 24\" fill=\"none\" stroke=\"currentColor\" stroke-width=\"2\" stroke-linecap=\"round\" stroke-linejoin=\"round\"><rect x=\"3\" y=\"4\" width=\"18\" height=\"18\" rx=\"2\" ry=\"2\"><\/rect><line x1=\"16\" y1=\"2\" x2=\"16\" y2=\"6\"><\/line><line x1=\"8\" y1=\"2\" x2=\"8\" y2=\"6\"><\/line><line x1=\"3\" y1=\"10\" x2=\"21\" y2=\"10\"><\/line><\/svg>15. Juli 2024<\/li><li><svg xmlns=\"http:\/\/www.w3.org\/2000\/svg\" viewBox=\"0 0 24 24\" fill=\"none\" stroke=\"currentColor\" stroke-width=\"2\" stroke-linecap=\"round\" stroke-linejoin=\"round\"><path d=\"M21 11.5a8.38 8.38 0 0 1-.9 3.8 8.5 8.5 0 0 1-7.6 4.7 8.38 8.38 0 0 1-3.8-.9L3 21l1.9-5.7a8.38 8.38 0 0 1-.9-3.8 8.5 8.5 0 0 1 4.7-7.6 8.38 8.38 0 0 1 3.8-.9h.5a8.48 8.48 0 0 1 8 8v.5z\"><\/path><\/svg>0 Comment<\/li><\/ul><\/div><\/div><\/div><\/div><div class=\"gt-col\"><div class=\"gt-inner\"><div class=\"gt-post-style-1\"><div class=\"gt-image\"><a href=\"https:\/\/visitmarratxi.es\/de\/marratxi-eroeffnet-den-ausstellungsraum-von-sa-refinadora-mit-dem-xxxvii-sant-marcal-malwettbewerb\/\"><img loading=\"lazy\" decoding=\"async\" width=\"870\" height=\"550\" src=\"https:\/\/visitmarratxi.es\/wp-content\/uploads\/2024\/07\/sarefinadora-870x550.jpg\" class=\"attachment-eventchamp-big-post size-eventchamp-big-post wp-post-image\" alt=\"\" \/><\/a><\/div><div class=\"gt-title\"><a href=\"https:\/\/visitmarratxi.es\/de\/marratxi-eroeffnet-den-ausstellungsraum-von-sa-refinadora-mit-dem-xxxvii-sant-marcal-malwettbewerb\/\">Marratx\u00ed er\u00f6ffnet den Ausstellungsraum von Sa Refinadora mit dem XXXVII Sant Mar\u00e7al Malwettbewerb<\/a><\/div><div class=\"gt-bottom\"><ul><li><svg xmlns=\"http:\/\/www.w3.org\/2000\/svg\" viewBox=\"0 0 24 24\" fill=\"none\" stroke=\"currentColor\" stroke-width=\"2\" stroke-linecap=\"round\" stroke-linejoin=\"round\"><rect x=\"3\" y=\"4\" width=\"18\" height=\"18\" rx=\"2\" ry=\"2\"><\/rect><line x1=\"16\" y1=\"2\" x2=\"16\" y2=\"6\"><\/line><line x1=\"8\" y1=\"2\" x2=\"8\" y2=\"6\"><\/line><line x1=\"3\" y1=\"10\" x2=\"21\" y2=\"10\"><\/line><\/svg>8. Juli 2024<\/li><li><svg xmlns=\"http:\/\/www.w3.org\/2000\/svg\" viewBox=\"0 0 24 24\" fill=\"none\" stroke=\"currentColor\" stroke-width=\"2\" stroke-linecap=\"round\" stroke-linejoin=\"round\"><path d=\"M21 11.5a8.38 8.38 0 0 1-.9 3.8 8.5 8.5 0 0 1-7.6 4.7 8.38 8.38 0 0 1-3.8-.9L3 21l1.9-5.7a8.38 8.38 0 0 1-.9-3.8 8.5 8.5 0 0 1 4.7-7.6 8.38 8.38 0 0 1 3.8-.9h.5a8.48 8.48 0 0 1 8 8v.5z\"><\/path><\/svg>0 Comment<\/li><\/ul><\/div><\/div><\/div><\/div><div class=\"gt-col\"><div class=\"gt-inner\"><div class=\"gt-post-style-1\"><div class=\"gt-image\"><a href=\"https:\/\/visitmarratxi.es\/de\/sieben-olleries-in-marratxi-erhalten-die-auszeichnung-emblematics-balears\/\"><img loading=\"lazy\" decoding=\"async\" width=\"870\" height=\"550\" src=\"https:\/\/visitmarratxi.es\/wp-content\/uploads\/2024\/07\/olleria1-870x550.jpg\" class=\"attachment-eventchamp-big-post size-eventchamp-big-post wp-post-image\" alt=\"\" \/><\/a><\/div><div class=\"gt-title\"><a href=\"https:\/\/visitmarratxi.es\/de\/sieben-olleries-in-marratxi-erhalten-die-auszeichnung-emblematics-balears\/\">Sieben \u201eolleries\u201c in Marratx\u00ed erhalten die Auszeichnung Emblem\u00e0tics Balears<\/a><\/div><div class=\"gt-bottom\"><ul><li><svg xmlns=\"http:\/\/www.w3.org\/2000\/svg\" viewBox=\"0 0 24 24\" fill=\"none\" stroke=\"currentColor\" stroke-width=\"2\" stroke-linecap=\"round\" stroke-linejoin=\"round\"><rect x=\"3\" y=\"4\" width=\"18\" height=\"18\" rx=\"2\" ry=\"2\"><\/rect><line x1=\"16\" y1=\"2\" x2=\"16\" y2=\"6\"><\/line><line x1=\"8\" y1=\"2\" x2=\"8\" y2=\"6\"><\/line><line x1=\"3\" y1=\"10\" x2=\"21\" y2=\"10\"><\/line><\/svg>8. Juli 2024<\/li><li><svg xmlns=\"http:\/\/www.w3.org\/2000\/svg\" viewBox=\"0 0 24 24\" fill=\"none\" stroke=\"currentColor\" stroke-width=\"2\" stroke-linecap=\"round\" stroke-linejoin=\"round\"><path d=\"M21 11.5a8.38 8.38 0 0 1-.9 3.8 8.5 8.5 0 0 1-7.6 4.7 8.38 8.38 0 0 1-3.8-.9L3 21l1.9-5.7a8.38 8.38 0 0 1-.9-3.8 8.5 8.5 0 0 1 4.7-7.6 8.38 8.38 0 0 1 3.8-.9h.5a8.48 8.48 0 0 1 8 8v.5z\"><\/path><\/svg>0 Comment<\/li><\/ul><\/div><\/div><\/div><\/div><div class=\"gt-col\"><div class=\"gt-inner\"><div class=\"gt-post-style-1\"><div class=\"gt-image\"><a href=\"https:\/\/visitmarratxi.es\/de\/lokaler-rock-eroeffnet-die-festes-de-sant-marcal-mit-mehr-als-700-teilnehmern-und-einem-dutzend-bands-im-marrockxi\/\"><img loading=\"lazy\" decoding=\"async\" width=\"859\" height=\"550\" src=\"https:\/\/visitmarratxi.es\/wp-content\/uploads\/2024\/06\/marrockxi-859x550.png\" class=\"attachment-eventchamp-big-post size-eventchamp-big-post wp-post-image\" alt=\"\" \/><\/a><\/div><div class=\"gt-title\"><a href=\"https:\/\/visitmarratxi.es\/de\/lokaler-rock-eroeffnet-die-festes-de-sant-marcal-mit-mehr-als-700-teilnehmern-und-einem-dutzend-bands-im-marrockxi\/\">Lokaler Rock er\u00f6ffnet die Festes de Sant Mar\u00e7al mit mehr als 700 Teilnehmern und einem Dutzend Bands im Marrockx\u00ed<\/a><\/div><div class=\"gt-bottom\"><ul><li><svg xmlns=\"http:\/\/www.w3.org\/2000\/svg\" viewBox=\"0 0 24 24\" fill=\"none\" stroke=\"currentColor\" stroke-width=\"2\" stroke-linecap=\"round\" stroke-linejoin=\"round\"><rect x=\"3\" y=\"4\" width=\"18\" height=\"18\" rx=\"2\" ry=\"2\"><\/rect><line x1=\"16\" y1=\"2\" x2=\"16\" y2=\"6\"><\/line><line x1=\"8\" y1=\"2\" x2=\"8\" y2=\"6\"><\/line><line x1=\"3\" y1=\"10\" x2=\"21\" y2=\"10\"><\/line><\/svg>24. Juni 2024<\/li><li><svg xmlns=\"http:\/\/www.w3.org\/2000\/svg\" viewBox=\"0 0 24 24\" fill=\"none\" stroke=\"currentColor\" stroke-width=\"2\" stroke-linecap=\"round\" stroke-linejoin=\"round\"><path d=\"M21 11.5a8.38 8.38 0 0 1-.9 3.8 8.5 8.5 0 0 1-7.6 4.7 8.38 8.38 0 0 1-3.8-.9L3 21l1.9-5.7a8.38 8.38 0 0 1-.9-3.8 8.5 8.5 0 0 1 4.7-7.6 8.38 8.38 0 0 1 3.8-.9h.5a8.48 8.48 0 0 1 8 8v.5z\"><\/path><\/svg>0 Comment<\/li><\/ul><\/div><\/div><\/div><\/div><\/div><\/div>[vc_empty_space height=&#8220;50px&#8220;][\/vc_column][\/vc_row][vc_row content_placement=&#8220;middle&#8220; row-text-align=&#8220;center&#8220; background-position=&#8220;center-center&#8220; css=&#8220;.vc_custom_1646210983923{padding-top: 0px !important;padding-bottom: 0px !important;background-position: center !important;background-repeat: no-repeat !important;background-size: cover !important;}&#8220;][vc_column css=&#8220;.vc_custom_1646210996903{padding-top: 0px !important;padding-right: 0px !important;padding-bottom: 0px !important;padding-left: 0px !important;}&#8220;][vc_single_image image=&#8220;8568&#8243; img_size=&#8220;full&#8220; alignment=&#8220;center&#8220; onclick=&#8220;custom_link&#8220; img_link_target=&#8220;_blank&#8220; link=&#8220;https:\/\/ceramicademarratxi.com\/&#8220; css=&#8220;.vc_custom_1715583238844{margin-bottom: 0px !important;}&#8220;][\/vc_column][\/vc_row][vc_row content_placement=&#8220;middle&#8220; row-text-align=&#8220;center&#8220; background-position=&#8220;center-center&#8220; css=&#8220;.vc_custom_1646210983923{padding-top: 0px !important;padding-bottom: 0px !important;background-position: center !important;background-repeat: no-repeat !important;background-size: cover !important;}&#8220;][vc_column css=&#8220;.vc_custom_1646210996903{padding-top: 0px !important;padding-right: 0px !important;padding-bottom: 0px !important;padding-left: 0px !important;}&#8220;][vc_empty_space height=&#8220;50px&#8220;]<div class=\"gt-heading gt-dark gt-size1 gt-align-center\"><div class=\"gt-title\">Entdecken Sie Marratxi<\/div><\/div>[vc_empty_space height=&#8220;50px&#8220;]<div class=\"gt-venues-carousel gt-dark\"><div class=\"swiper-container gt-swiper-slider\" data-gt-item=\"3\" data-gt-item-space=\"30\" data-gt-loop=\"true\" data-gt-speed=\"1000\" data-gt-direction=\"horizontal\" data-gt-effect=\"slide\" data-gt-centered-slides=\"false\" data-gt-free-mode=\"false\"><div class=\"swiper-wrapper\"><div class=\"swiper-slide\" data-swiper-autoplay=\"5000\"><div class=\"gt-venue-style-1\"><div class=\"gt-image\"><a href=\"https:\/\/visitmarratxi.es\/de\/venue\/savenc\/\"><img loading=\"lazy\" decoding=\"async\" width=\"620\" height=\"400\" src=\"https:\/\/visitmarratxi.es\/wp-content\/uploads\/2022\/03\/SAvenc.jpg\" class=\"attachment-eventchamp-event-list size-eventchamp-event-list wp-post-image\" alt=\"\" srcset=\"https:\/\/visitmarratxi.es\/wp-content\/uploads\/2022\/03\/SAvenc.jpg 620w, https:\/\/visitmarratxi.es\/wp-content\/uploads\/2022\/03\/SAvenc-300x194.jpg 300w, https:\/\/visitmarratxi.es\/wp-content\/uploads\/2022\/03\/SAvenc-600x387.jpg 600w\" sizes=\"auto, (max-width: 620px) 100vw, 620px\" \/><\/a><div class=\"gt-location\"><ul><li><a href=\"https:\/\/visitmarratxi.es\/de\/location\/marratxi-de\/?post_type=venue\">Marratx\u00ed<\/a><\/li><\/ul><\/div><\/div><div class=\"gt-title\"><a href=\"https:\/\/visitmarratxi.es\/de\/venue\/savenc\/\">S\u2019Avenc<\/a><\/div><div class=\"gt-excerpt\">Dank der griechischen Zivilisation ist Honig Teil der Gastronomie Mallorcas. Ein Verm\u00e4chtnis, das uns zu unserer gesch\u00e4tzten mediterranen Ern\u00e4hrung gef\u00fchrt hat.<\/div><\/div><\/div><div class=\"swiper-slide\" data-swiper-autoplay=\"5000\"><div class=\"gt-venue-style-1\"><div class=\"gt-image\"><a href=\"https:\/\/visitmarratxi.es\/de\/venue\/hostal\/\"><img loading=\"lazy\" decoding=\"async\" width=\"620\" height=\"400\" src=\"https:\/\/visitmarratxi.es\/wp-content\/uploads\/2022\/02\/2015-02-Asis-02-Light-02c-Fachada-Hospderia-1-1.jpeg\" class=\"attachment-eventchamp-event-list size-eventchamp-event-list wp-post-image\" alt=\"\" srcset=\"https:\/\/visitmarratxi.es\/wp-content\/uploads\/2022\/02\/2015-02-Asis-02-Light-02c-Fachada-Hospderia-1-1.jpeg 620w, https:\/\/visitmarratxi.es\/wp-content\/uploads\/2022\/02\/2015-02-Asis-02-Light-02c-Fachada-Hospderia-1-1-300x194.jpeg 300w, https:\/\/visitmarratxi.es\/wp-content\/uploads\/2022\/02\/2015-02-Asis-02-Light-02c-Fachada-Hospderia-1-1-600x387.jpeg 600w\" sizes=\"auto, (max-width: 620px) 100vw, 620px\" \/><\/a><div class=\"gt-location\"><ul><li><a href=\"https:\/\/visitmarratxi.es\/de\/location\/marratxinet-de\/?post_type=venue\">Marratxinet<\/a><\/li><\/ul><\/div><\/div><div class=\"gt-title\"><a href=\"https:\/\/visitmarratxi.es\/de\/venue\/hostal\/\">As\u00eds de Marratxinet<\/a><\/div><div class=\"gt-excerpt\">Una mescla \u00fanica de tradici\u00f3 i calma. L'entorn i els seus voltants  conviden a relaxar-se i descobrir Mallorca, fent de la nostra petita propietat familiar el lloc ideal per a retirs, tallers de salut i seminaris d'empresa.<\/div><\/div><\/div><div class=\"swiper-slide\" data-swiper-autoplay=\"5000\"><div class=\"gt-venue-style-1\"><div class=\"gt-image\"><a href=\"https:\/\/visitmarratxi.es\/de\/venue\/teatre\/\"><img loading=\"lazy\" decoding=\"async\" width=\"620\" height=\"400\" src=\"https:\/\/visitmarratxi.es\/wp-content\/uploads\/2022\/02\/Museu-del-Fang-4-1.jpg\" class=\"attachment-eventchamp-event-list size-eventchamp-event-list wp-post-image\" alt=\"\" srcset=\"https:\/\/visitmarratxi.es\/wp-content\/uploads\/2022\/02\/Museu-del-Fang-4-1.jpg 620w, https:\/\/visitmarratxi.es\/wp-content\/uploads\/2022\/02\/Museu-del-Fang-4-1-300x194.jpg 300w, https:\/\/visitmarratxi.es\/wp-content\/uploads\/2022\/02\/Museu-del-Fang-4-1-600x387.jpg 600w\" sizes=\"auto, (max-width: 620px) 100vw, 620px\" \/><\/a><div class=\"gt-location\"><ul><li><a href=\"https:\/\/visitmarratxi.es\/de\/location\/marratxi-de\/?post_type=venue\">Marratx\u00ed<\/a><\/li><\/ul><\/div><\/div><div class=\"gt-title\"><a href=\"https:\/\/visitmarratxi.es\/de\/venue\/teatre\/\">Museum Fang<\/a><\/div><div class=\"gt-excerpt\">Eine Getreidem\u00fchle ist das Geb\u00e4ude, in dem sich das Museu del Fang. Diese Einrichtung wurde 1977 von der Stadtverwaltung von Marratx\u00ed erworben, aber erst 2002 wurde sie renoviert und als Fang-Museum er\u00f6ffnet. Ein Raum mit viel Geschichte, der heute die...<\/div><\/div><\/div><div class=\"swiper-slide\" data-swiper-autoplay=\"5000\"><div class=\"gt-venue-style-1\"><div class=\"gt-image\"><a href=\"https:\/\/visitmarratxi.es\/de\/venue\/sa-rua\/\"><img loading=\"lazy\" decoding=\"async\" width=\"620\" height=\"400\" src=\"https:\/\/visitmarratxi.es\/wp-content\/uploads\/2022\/05\/Sa-Rua.jpg\" class=\"attachment-eventchamp-event-list size-eventchamp-event-list wp-post-image\" alt=\"\" srcset=\"https:\/\/visitmarratxi.es\/wp-content\/uploads\/2022\/05\/Sa-Rua.jpg 620w, https:\/\/visitmarratxi.es\/wp-content\/uploads\/2022\/05\/Sa-Rua-300x194.jpg 300w, https:\/\/visitmarratxi.es\/wp-content\/uploads\/2022\/05\/Sa-Rua-600x387.jpg 600w\" sizes=\"auto, (max-width: 620px) 100vw, 620px\" \/><\/a><div class=\"gt-location\"><ul><li><a href=\"https:\/\/visitmarratxi.es\/de\/location\/cabaneta-de\/?post_type=venue\">Cabaneta<\/a><\/li><li><a href=\"https:\/\/visitmarratxi.es\/de\/location\/marratxi-de\/?post_type=venue\">Marratx\u00ed<\/a><\/li><li><a href=\"https:\/\/visitmarratxi.es\/de\/location\/portol-de\/?post_type=venue\">P\u00f2rtol<\/a><\/li><\/ul><\/div><\/div><div class=\"gt-title\"><a href=\"https:\/\/visitmarratxi.es\/de\/venue\/sa-rua\/\">Sa Rua<\/a><\/div><div class=\"gt-excerpt\">Sa Rua de Marratx\u00ed ist die erste Parade und hat die Ehre, die Karnevalspartys auf Mallorca zu er\u00f6ffnen. Ein Festival der Kost\u00fcme, Musik, Lachen und Farbe. P\u00f2rtol, Sa Cabaneta und Sant Mar\u00e7al sind die Kerne, durch die die Rua zu...<\/div><\/div><\/div><div class=\"swiper-slide\" data-swiper-autoplay=\"5000\"><div class=\"gt-venue-style-1\"><div class=\"gt-image\"><a href=\"https:\/\/visitmarratxi.es\/de\/venue\/cal-secretari-vell-hotel\/\"><img loading=\"lazy\" decoding=\"async\" width=\"620\" height=\"400\" src=\"https:\/\/visitmarratxi.es\/wp-content\/uploads\/2022\/02\/Cal-secretari-vell.jpg\" class=\"attachment-eventchamp-event-list size-eventchamp-event-list wp-post-image\" alt=\"\" srcset=\"https:\/\/visitmarratxi.es\/wp-content\/uploads\/2022\/02\/Cal-secretari-vell.jpg 620w, https:\/\/visitmarratxi.es\/wp-content\/uploads\/2022\/02\/Cal-secretari-vell-300x194.jpg 300w, https:\/\/visitmarratxi.es\/wp-content\/uploads\/2022\/02\/Cal-secretari-vell-600x387.jpg 600w\" sizes=\"auto, (max-width: 620px) 100vw, 620px\" \/><\/a><div class=\"gt-location\"><ul><li><a href=\"https:\/\/visitmarratxi.es\/de\/location\/cabaneta-de\/?post_type=venue\">Cabaneta<\/a><\/li><\/ul><\/div><\/div><div class=\"gt-title\"><a href=\"https:\/\/visitmarratxi.es\/de\/venue\/cal-secretari-vell-hotel\/\">Cal Secretari Vell Hotel<\/a><\/div><div class=\"gt-excerpt\">Gaudeix d'unes vistes privilegiades de la Serra de Tramuntana i connecta de ple amb la naturalesa. \r\nCal Secretari Vell disposa de quatre habitacions dobles, sal\u00f3 amb xemeneia, menjador, sala de lectura, terrasses, 2.500 metres de jardins i muntanya, piscina i aparcament. \r\n<\/div><\/div><\/div><div class=\"swiper-slide\" data-swiper-autoplay=\"5000\"><div class=\"gt-venue-style-1\"><div class=\"gt-image\"><a href=\"https:\/\/visitmarratxi.es\/de\/venue\/esglesia-sant-alonso\/\"><img loading=\"lazy\" decoding=\"async\" width=\"620\" height=\"400\" src=\"https:\/\/visitmarratxi.es\/wp-content\/uploads\/2022\/05\/DSC05218-2.jpg\" class=\"attachment-eventchamp-event-list size-eventchamp-event-list wp-post-image\" alt=\"\" srcset=\"https:\/\/visitmarratxi.es\/wp-content\/uploads\/2022\/05\/DSC05218-2.jpg 620w, https:\/\/visitmarratxi.es\/wp-content\/uploads\/2022\/05\/DSC05218-2-300x194.jpg 300w, https:\/\/visitmarratxi.es\/wp-content\/uploads\/2022\/05\/DSC05218-2-600x387.jpg 600w\" sizes=\"auto, (max-width: 620px) 100vw, 620px\" \/><\/a><div class=\"gt-location\"><ul><li><a href=\"https:\/\/visitmarratxi.es\/de\/location\/pont-dinca-de\/?post_type=venue\">Pont d&#8217;Inca<\/a><\/li><\/ul><\/div><\/div><div class=\"gt-title\"><a href=\"https:\/\/visitmarratxi.es\/de\/venue\/esglesia-sant-alonso\/\">Esgl\u00e9sia de Sant Alons<\/a><\/div><div class=\"gt-excerpt\">Ende des 19. Jahrhunderts hatte der Stadtkern Pont d\u2019Inca bereits mehr als 400 Einwohner. Trotzdem hatte er keinen eigenen Tempel, weshalb die Pontinqueros zur Messe gehen mussten, zuerst nach Sant Llatzet und dann nach Pla de na Tesa. Es ist...<\/div><\/div><\/div><div class=\"swiper-slide\" data-swiper-autoplay=\"5000\"><div class=\"gt-venue-style-1\"><div class=\"gt-image\"><a href=\"https:\/\/visitmarratxi.es\/de\/venue\/menjador\/\"><img loading=\"lazy\" decoding=\"async\" width=\"620\" height=\"400\" src=\"https:\/\/visitmarratxi.es\/wp-content\/uploads\/2018\/11\/5.-Mercats.jpg\" class=\"attachment-eventchamp-event-list size-eventchamp-event-list wp-post-image\" alt=\"\" srcset=\"https:\/\/visitmarratxi.es\/wp-content\/uploads\/2018\/11\/5.-Mercats.jpg 620w, https:\/\/visitmarratxi.es\/wp-content\/uploads\/2018\/11\/5.-Mercats-300x194.jpg 300w, https:\/\/visitmarratxi.es\/wp-content\/uploads\/2018\/11\/5.-Mercats-600x387.jpg 600w\" sizes=\"auto, (max-width: 620px) 100vw, 620px\" \/><\/a><div class=\"gt-location\"><ul><li><a href=\"https:\/\/visitmarratxi.es\/de\/location\/marratxi-de\/?post_type=venue\">Marratx\u00ed<\/a><\/li><\/ul><\/div><\/div><div class=\"gt-title\"><a href=\"https:\/\/visitmarratxi.es\/de\/venue\/menjador\/\">Traditionelle m\u00e4rkte in der gemeinde Marratx\u00ed<\/a><\/div><div class=\"gt-excerpt\">Tag und Uhrzeit: Dienstag von 8:00 bis 13:00 Uhr Standort: Pla de Na Tesa, Pla\u00e7a de l\u2019Esgl\u00e9sia. Mittwoch von 8:00 bis 13:00 Uhr Standort: Sa Cabana, Pla\u00e7a Cabana. Donnerstag von 8:00 bis 13:00 Uhr Standort: P\u00f2rtol, Pla\u00e7a Can Flor. Freitag...<\/div><\/div><\/div><div class=\"swiper-slide\" data-swiper-autoplay=\"5000\"><div class=\"gt-venue-style-1\"><div class=\"gt-image\"><a href=\"https:\/\/visitmarratxi.es\/de\/venue\/pub\/\"><img loading=\"lazy\" decoding=\"async\" width=\"620\" height=\"400\" src=\"https:\/\/visitmarratxi.es\/wp-content\/uploads\/2022\/02\/Museu-del-Fang-1.jpg\" class=\"attachment-eventchamp-event-list size-eventchamp-event-list wp-post-image\" alt=\"\" srcset=\"https:\/\/visitmarratxi.es\/wp-content\/uploads\/2022\/02\/Museu-del-Fang-1.jpg 620w, https:\/\/visitmarratxi.es\/wp-content\/uploads\/2022\/02\/Museu-del-Fang-1-300x194.jpg 300w, https:\/\/visitmarratxi.es\/wp-content\/uploads\/2022\/02\/Museu-del-Fang-1-600x387.jpg 600w\" sizes=\"auto, (max-width: 620px) 100vw, 620px\" \/><\/a><div class=\"gt-location\"><ul><li><a href=\"https:\/\/visitmarratxi.es\/de\/location\/cabaneta-de\/?post_type=venue\">Cabaneta<\/a><\/li><li><a href=\"https:\/\/visitmarratxi.es\/de\/location\/marratxi-de\/?post_type=venue\">Marratx\u00ed<\/a><\/li><li><a href=\"https:\/\/visitmarratxi.es\/de\/location\/portol-de\/?post_type=venue\">P\u00f2rtol<\/a><\/li><\/ul><\/div><\/div><div class=\"gt-title\"><a href=\"https:\/\/visitmarratxi.es\/de\/venue\/pub\/\">Fang-Route<\/a><\/div><div class=\"gt-excerpt\">In Marratx\u00ed d\u00fcrfen Sie eine der interessantesten Touren durch die Handwerkerwerkst\u00e4tten, die so genannte Fang-Route, nicht verpassen. Dort finden Sie T\u00f6pfe und alle Arten von Utensilien aus Ton. Wir empfehlen Ihnen, dies mit einem Besuch des Fang-Museums und der Keramikschule...<\/div><\/div><\/div><div class=\"swiper-slide\" data-swiper-autoplay=\"5000\"><div class=\"gt-venue-style-1\"><div class=\"gt-image\"><a href=\"https:\/\/visitmarratxi.es\/de\/venue\/enterro-de-la-sardina\/\"><img loading=\"lazy\" decoding=\"async\" width=\"620\" height=\"400\" src=\"https:\/\/visitmarratxi.es\/wp-content\/uploads\/2022\/05\/Enterro-sardina.jpg\" class=\"attachment-eventchamp-event-list size-eventchamp-event-list wp-post-image\" alt=\"\" srcset=\"https:\/\/visitmarratxi.es\/wp-content\/uploads\/2022\/05\/Enterro-sardina.jpg 620w, https:\/\/visitmarratxi.es\/wp-content\/uploads\/2022\/05\/Enterro-sardina-300x194.jpg 300w, https:\/\/visitmarratxi.es\/wp-content\/uploads\/2022\/05\/Enterro-sardina-600x387.jpg 600w\" sizes=\"auto, (max-width: 620px) 100vw, 620px\" \/><\/a><div class=\"gt-location\"><ul><li><a href=\"https:\/\/visitmarratxi.es\/de\/location\/portol-de\/?post_type=venue\">P\u00f2rtol<\/a><\/li><\/ul><\/div><\/div><div class=\"gt-title\"><a href=\"https:\/\/visitmarratxi.es\/de\/venue\/enterro-de-la-sardina\/\">Begr\u00e4bnis der Sardin<\/a><\/div><div class=\"gt-excerpt\">Jedes Jahr wird in P\u00f2rtol das Begr\u00e4bnis der Sardine gefeiert, ein Akt, der die Beerdigungen der Vergangenheit nachahmt. Symbolisch wird der Karneval von Marratx\u00ed beendet und die Fastenzeit begr\u00fc\u00dft. Dieses besondere Begr\u00e4bnis hat als Protagonist eine Sardine aus Holz und...<\/div><\/div><\/div><div class=\"swiper-slide\" data-swiper-autoplay=\"5000\"><div class=\"gt-venue-style-1\"><div class=\"gt-image\"><a href=\"https:\/\/visitmarratxi.es\/de\/venue\/flor-dametler\/\"><img loading=\"lazy\" decoding=\"async\" width=\"620\" height=\"400\" src=\"https:\/\/visitmarratxi.es\/wp-content\/uploads\/2022\/03\/Flor-d-Ametler.jpg\" class=\"attachment-eventchamp-event-list size-eventchamp-event-list wp-post-image\" alt=\"\" srcset=\"https:\/\/visitmarratxi.es\/wp-content\/uploads\/2022\/03\/Flor-d-Ametler.jpg 620w, https:\/\/visitmarratxi.es\/wp-content\/uploads\/2022\/03\/Flor-d-Ametler-300x194.jpg 300w, https:\/\/visitmarratxi.es\/wp-content\/uploads\/2022\/03\/Flor-d-Ametler-600x387.jpg 600w\" sizes=\"auto, (max-width: 620px) 100vw, 620px\" \/><\/a><div class=\"gt-location\"><ul><li><a href=\"https:\/\/visitmarratxi.es\/de\/location\/marratxi-de\/?post_type=venue\">Marratx\u00ed<\/a><\/li><\/ul><\/div><\/div><div class=\"gt-title\"><a href=\"https:\/\/visitmarratxi.es\/de\/venue\/flor-dametler\/\">Flor d&#8217;Ametler, la parfum de Majorque<\/a><\/div><div class=\"gt-excerpt\">Der Mallorquiner Bernat Vallori hatte die Idee, ein Parf\u00fcm mit dem Duft von Mandelb\u00e4umen zu kreieren, wie es seine Mutter und seine Patin bereits getan hatten, um ihre eigenen Parfums herzustellen. Der Sch\u00f6pfer wollte den charakteristischen Geruch der bl\u00fchenden Mandelb\u00e4ume...<\/div><\/div><\/div><div class=\"swiper-slide\" data-swiper-autoplay=\"5000\"><div class=\"gt-venue-style-1\"><div class=\"gt-image\"><a href=\"https:\/\/visitmarratxi.es\/de\/venue\/festes-del-carme-a-portol\/\"><img loading=\"lazy\" decoding=\"async\" width=\"620\" height=\"400\" src=\"https:\/\/visitmarratxi.es\/wp-content\/uploads\/2022\/02\/Sant-Marcal-2-1.jpg\" class=\"attachment-eventchamp-event-list size-eventchamp-event-list wp-post-image\" alt=\"\" srcset=\"https:\/\/visitmarratxi.es\/wp-content\/uploads\/2022\/02\/Sant-Marcal-2-1.jpg 620w, https:\/\/visitmarratxi.es\/wp-content\/uploads\/2022\/02\/Sant-Marcal-2-1-300x194.jpg 300w, https:\/\/visitmarratxi.es\/wp-content\/uploads\/2022\/02\/Sant-Marcal-2-1-600x387.jpg 600w\" sizes=\"auto, (max-width: 620px) 100vw, 620px\" \/><\/a><div class=\"gt-location\"><ul><li><a href=\"https:\/\/visitmarratxi.es\/de\/location\/marratxi-de\/?post_type=venue\">Marratx\u00ed<\/a><\/li><\/ul><\/div><\/div><div class=\"gt-title\"><a href=\"https:\/\/visitmarratxi.es\/de\/venue\/festes-del-carme-a-portol\/\">Messe Von Carme a P\u00f2rtol<\/a><\/div><div class=\"gt-excerpt\">Der 16. Juli ist der Tag der Jungfrau Maria und seit 10 Jahren werden in P\u00f2rtol verschiedene Veranstaltungen organisiert, um ihn zu feiern.<\/div><\/div><\/div><div class=\"swiper-slide\" data-swiper-autoplay=\"5000\"><div class=\"gt-venue-style-1\"><div class=\"gt-image\"><a href=\"https:\/\/visitmarratxi.es\/de\/venue\/ceramica-de-marratxi\/\"><img loading=\"lazy\" decoding=\"async\" width=\"620\" height=\"400\" src=\"https:\/\/visitmarratxi.es\/wp-content\/uploads\/2022\/04\/anne-nygard-P7X0np30w30-unsplash-1.jpg\" class=\"attachment-eventchamp-event-list size-eventchamp-event-list wp-post-image\" alt=\"\" srcset=\"https:\/\/visitmarratxi.es\/wp-content\/uploads\/2022\/04\/anne-nygard-P7X0np30w30-unsplash-1.jpg 620w, https:\/\/visitmarratxi.es\/wp-content\/uploads\/2022\/04\/anne-nygard-P7X0np30w30-unsplash-1-300x194.jpg 300w, https:\/\/visitmarratxi.es\/wp-content\/uploads\/2022\/04\/anne-nygard-P7X0np30w30-unsplash-1-600x387.jpg 600w\" sizes=\"auto, (max-width: 620px) 100vw, 620px\" \/><\/a><div class=\"gt-location\"><ul><li><a href=\"https:\/\/visitmarratxi.es\/de\/location\/cabaneta-de\/?post_type=venue\">Cabaneta<\/a><\/li><li><a href=\"https:\/\/visitmarratxi.es\/de\/location\/marratxi-de\/?post_type=venue\">Marratx\u00ed<\/a><\/li><li><a href=\"https:\/\/visitmarratxi.es\/de\/location\/portol-de\/?post_type=venue\">P\u00f2rtol<\/a><\/li><\/ul><\/div><\/div><div class=\"gt-title\"><a href=\"https:\/\/visitmarratxi.es\/de\/venue\/ceramica-de-marratxi\/\">Cer\u00e0mica de Marratx\u00ed<\/a><\/div><div class=\"gt-excerpt\">Die repr\u00e4sentativste Wahl der Gemeinde Marratx\u00ed ist die Keramik, eine Tradition, die dank der heutigen Hersteller noch immer lebendig ist. Nachfolgend finden Sie eine Liste der Keramiker aus Marratx\u00ed: Wenn auch Sie den Umgang mit Ton erlernen m\u00f6chten, k\u00f6nnen Sie...<\/div><\/div><\/div><div class=\"swiper-slide\" data-swiper-autoplay=\"5000\"><div class=\"gt-venue-style-1\"><div class=\"gt-image\"><a href=\"https:\/\/visitmarratxi.es\/de\/venue\/esglesia-parroquial-sant-llatzer\/\"><img loading=\"lazy\" decoding=\"async\" width=\"620\" height=\"400\" src=\"https:\/\/visitmarratxi.es\/wp-content\/uploads\/2022\/05\/EsglesiaPladeNaTesa.jpg\" class=\"attachment-eventchamp-event-list size-eventchamp-event-list wp-post-image\" alt=\"\" srcset=\"https:\/\/visitmarratxi.es\/wp-content\/uploads\/2022\/05\/EsglesiaPladeNaTesa.jpg 620w, https:\/\/visitmarratxi.es\/wp-content\/uploads\/2022\/05\/EsglesiaPladeNaTesa-300x194.jpg 300w, https:\/\/visitmarratxi.es\/wp-content\/uploads\/2022\/05\/EsglesiaPladeNaTesa-600x387.jpg 600w\" sizes=\"auto, (max-width: 620px) 100vw, 620px\" \/><\/a><div class=\"gt-location\"><ul><li><a href=\"https:\/\/visitmarratxi.es\/de\/location\/pla-de-na-tesa-de\/?post_type=venue\">Pla de na Tesa<\/a><\/li><\/ul><\/div><\/div><div class=\"gt-title\"><a href=\"https:\/\/visitmarratxi.es\/de\/venue\/esglesia-parroquial-sant-llatzer\/\">Pfarrkirche Sant Ll\u00e0tzer<\/a><\/div><div class=\"gt-excerpt\">Ihre gesellschaftliche Bedeutung Bis Mitte des 19. Jahrhunderts hatte der Stadtkern von Pla de na Tesa keinen eigenen Tempel. Um das Jahr 1857 f\u00f6rderte der Besitzer von Son Alegre, einem der wichtigsten Landg\u00fcter der Gegend, den Bau einer Kirche, die...<\/div><\/div><\/div><div class=\"swiper-slide\" data-swiper-autoplay=\"5000\"><div class=\"gt-venue-style-1\"><div class=\"gt-image\"><a href=\"https:\/\/visitmarratxi.es\/de\/venue\/es-moli-de-son-maiol\/\"><img loading=\"lazy\" decoding=\"async\" width=\"620\" height=\"400\" src=\"https:\/\/visitmarratxi.es\/wp-content\/uploads\/2022\/02\/Finca-Son-Maiol-620x400-1.jpg\" class=\"attachment-eventchamp-event-list size-eventchamp-event-list wp-post-image\" alt=\"\" srcset=\"https:\/\/visitmarratxi.es\/wp-content\/uploads\/2022\/02\/Finca-Son-Maiol-620x400-1.jpg 620w, https:\/\/visitmarratxi.es\/wp-content\/uploads\/2022\/02\/Finca-Son-Maiol-620x400-1-300x194.jpg 300w, https:\/\/visitmarratxi.es\/wp-content\/uploads\/2022\/02\/Finca-Son-Maiol-620x400-1-600x387.jpg 600w\" sizes=\"auto, (max-width: 620px) 100vw, 620px\" \/><\/a><div class=\"gt-location\"><ul><li><a href=\"https:\/\/visitmarratxi.es\/de\/location\/marratxi-de\/?post_type=venue\">Marratx\u00ed<\/a><\/li><\/ul><\/div><\/div><div class=\"gt-title\"><a href=\"https:\/\/visitmarratxi.es\/de\/venue\/es-moli-de-son-maiol\/\">Es Mol\u00ed de Son Maiol<\/a><\/div><div class=\"gt-excerpt\">Weinberge, Mandelb\u00e4ume und Olivenb\u00e4ume umgeben Es Mol\u00ed de Son Maiol, ein restauriertes Anwesen mit herrlichem Blick auf die Serra de Tramuntana. Es bietet Platz f\u00fcr 8 Personen, verf\u00fcgt \u00fcber 4 Schlafzimmer (3 Zimmer mit jeweils zwei Betten sowie 1 Doppelzimmer)....<\/div><\/div><\/div><div class=\"swiper-slide\" data-swiper-autoplay=\"5000\"><div class=\"gt-venue-style-1\"><div class=\"gt-image\"><a href=\"https:\/\/visitmarratxi.es\/de\/venue\/olleries\/\"><img loading=\"lazy\" decoding=\"async\" width=\"620\" height=\"400\" src=\"https:\/\/visitmarratxi.es\/wp-content\/uploads\/2022\/02\/Olleries-2-3.jpg\" class=\"attachment-eventchamp-event-list size-eventchamp-event-list wp-post-image\" alt=\"\" srcset=\"https:\/\/visitmarratxi.es\/wp-content\/uploads\/2022\/02\/Olleries-2-3.jpg 620w, https:\/\/visitmarratxi.es\/wp-content\/uploads\/2022\/02\/Olleries-2-3-300x194.jpg 300w, https:\/\/visitmarratxi.es\/wp-content\/uploads\/2022\/02\/Olleries-2-3-600x387.jpg 600w\" sizes=\"auto, (max-width: 620px) 100vw, 620px\" \/><\/a><div class=\"gt-location\"><ul><li><a href=\"https:\/\/visitmarratxi.es\/de\/location\/portol-de\/?post_type=venue\">P\u00f2rtol<\/a><\/li><\/ul><\/div><\/div><div class=\"gt-title\"><a href=\"https:\/\/visitmarratxi.es\/de\/venue\/olleries\/\">Poteries<\/a><\/div><div class=\"gt-excerpt\">Wussten Sie, dass die ersten T\u00f6pfe aus wei\u00dfem Ton und roter Erde hergestellt und zum Kochen und Konservieren von Lebensmitteln verwendet wurden? Es ist eine Tradition, die Jahrhundert f\u00fcr Jahrhundert \u00fcberdauert hat. Das Essen hat einen anderen Geschmack, wenn es...<\/div><\/div><\/div><div class=\"swiper-slide\" data-swiper-autoplay=\"5000\"><div class=\"gt-venue-style-1\"><div class=\"gt-image\"><a href=\"https:\/\/visitmarratxi.es\/de\/venue\/bodegues-tunel\/\"><img loading=\"lazy\" decoding=\"async\" width=\"620\" height=\"400\" src=\"https:\/\/visitmarratxi.es\/wp-content\/uploads\/2022\/03\/620x400-Tunel.jpg\" class=\"attachment-eventchamp-event-list size-eventchamp-event-list wp-post-image\" alt=\"\" srcset=\"https:\/\/visitmarratxi.es\/wp-content\/uploads\/2022\/03\/620x400-Tunel.jpg 620w, https:\/\/visitmarratxi.es\/wp-content\/uploads\/2022\/03\/620x400-Tunel-300x194.jpg 300w, https:\/\/visitmarratxi.es\/wp-content\/uploads\/2022\/03\/620x400-Tunel-600x387.jpg 600w\" sizes=\"auto, (max-width: 620px) 100vw, 620px\" \/><\/a><div class=\"gt-location\"><ul><li><a href=\"https:\/\/visitmarratxi.es\/de\/location\/marratxi-de\/?post_type=venue\">Marratx\u00ed<\/a><\/li><\/ul><\/div><\/div><div class=\"gt-title\"><a href=\"https:\/\/visitmarratxi.es\/de\/venue\/bodegues-tunel\/\">Kr\u00e4uter T\u00fanel<\/a><\/div><div class=\"gt-excerpt\">Distribuciones T\u00fanel, fr\u00fcher bekannt als Bodegas T\u00fanel, ist ein Familienunternehmen f\u00fcr den Vertrieb von Weinen und Spirituosen, das 1986 gegr\u00fcndet wurde und sich in Marratx\u00ed befindet. Es hat sich zu einem der gr\u00f6\u00dften Distributoren auf den Balearen entwickelt. Kr\u00e4uter, getrocknet,...<\/div><\/div><\/div><div class=\"swiper-slide\" data-swiper-autoplay=\"5000\"><div class=\"gt-venue-style-1\"><div class=\"gt-image\"><a href=\"https:\/\/visitmarratxi.es\/de\/venue\/fira-de-tardor\/\"><img loading=\"lazy\" decoding=\"async\" width=\"620\" height=\"400\" src=\"https:\/\/visitmarratxi.es\/wp-content\/uploads\/2022\/02\/Fira-de-Tardor-2-1.jpg\" class=\"attachment-eventchamp-event-list size-eventchamp-event-list wp-post-image\" alt=\"\" srcset=\"https:\/\/visitmarratxi.es\/wp-content\/uploads\/2022\/02\/Fira-de-Tardor-2-1.jpg 620w, https:\/\/visitmarratxi.es\/wp-content\/uploads\/2022\/02\/Fira-de-Tardor-2-1-300x194.jpg 300w, https:\/\/visitmarratxi.es\/wp-content\/uploads\/2022\/02\/Fira-de-Tardor-2-1-600x387.jpg 600w\" sizes=\"auto, (max-width: 620px) 100vw, 620px\" \/><\/a><div class=\"gt-location\"><ul><li><a href=\"https:\/\/visitmarratxi.es\/de\/location\/marratxi-de\/?post_type=venue\">Marratx\u00ed<\/a><\/li><\/ul><\/div><\/div><div class=\"gt-title\"><a href=\"https:\/\/visitmarratxi.es\/de\/venue\/fira-de-tardor\/\">Herbstmesse<\/a><\/div><div class=\"gt-excerpt\">Am ersten Novemberwochenende findet die Herbstmesse statt, eine Messe, die Tausende von Besuchern begr\u00fc\u00dft. Die Ankunft des Herbstes wird gefeiert und die Traditionen und das Handwerk der Gemeinde werden ausgestellt.<\/div><\/div><\/div><div class=\"swiper-slide\" data-swiper-autoplay=\"5000\"><div class=\"gt-venue-style-1\"><div class=\"gt-image\"><a href=\"https:\/\/visitmarratxi.es\/de\/venue\/ron-amazonas\/\"><img loading=\"lazy\" decoding=\"async\" width=\"620\" height=\"400\" src=\"https:\/\/visitmarratxi.es\/wp-content\/uploads\/2022\/03\/620x400-Amazona.jpg\" class=\"attachment-eventchamp-event-list size-eventchamp-event-list wp-post-image\" alt=\"\" srcset=\"https:\/\/visitmarratxi.es\/wp-content\/uploads\/2022\/03\/620x400-Amazona.jpg 620w, https:\/\/visitmarratxi.es\/wp-content\/uploads\/2022\/03\/620x400-Amazona-300x194.jpg 300w, https:\/\/visitmarratxi.es\/wp-content\/uploads\/2022\/03\/620x400-Amazona-600x387.jpg 600w\" sizes=\"auto, (max-width: 620px) 100vw, 620px\" \/><\/a><div class=\"gt-location\"><ul><li><a href=\"https:\/\/visitmarratxi.es\/de\/location\/marratxi-de\/?post_type=venue\">Marratx\u00ed<\/a><\/li><\/ul><\/div><\/div><div class=\"gt-title\"><a href=\"https:\/\/visitmarratxi.es\/de\/venue\/ron-amazonas\/\">Rum Amazona<\/a><\/div><div class=\"gt-excerpt\">Der s\u00fc\u00dfe Rum ist eines der typischsten Getr\u00e4nke Mallorcas und wird in Marratx\u00ed seit 1982 dank der Firma Limsa hergestellt. Ein Unternehmen mit langer Tradition, das Anis, Lik\u00f6re und Rum herstellt. Heute produzieren sie mehr als 120.000 Liter pro Jahr...<\/div><\/div><\/div><div class=\"swiper-slide\" data-swiper-autoplay=\"5000\"><div class=\"gt-venue-style-1\"><div class=\"gt-image\"><a href=\"https:\/\/visitmarratxi.es\/de\/venue\/125-jahrestag-von-es-forn-del-pla-de-na-tesa\/\"><img loading=\"lazy\" decoding=\"async\" width=\"800\" height=\"579\" src=\"https:\/\/visitmarratxi.es\/wp-content\/uploads\/2024\/06\/esforn_pladenatesa-800x579.jpg\" class=\"attachment-eventchamp-event-list size-eventchamp-event-list wp-post-image\" alt=\"\" \/><\/a><div class=\"gt-location\"><ul><li><a href=\"https:\/\/visitmarratxi.es\/de\/location\/cami-de-son-alegre-5\/?post_type=venue\">Cam\u00ed de Son Alegre<\/a><\/li><li><a href=\"https:\/\/visitmarratxi.es\/de\/location\/marratxi-de\/?post_type=venue\">Marratx\u00ed<\/a><\/li><\/ul><\/div><\/div><div class=\"gt-title\"><a href=\"https:\/\/visitmarratxi.es\/de\/venue\/125-jahrestag-von-es-forn-del-pla-de-na-tesa\/\">125. Jahrestag von &#8222;es Forn&#8220; del Pla de na Tesa<\/a><\/div><div class=\"gt-excerpt\">GESCHICHTE Die Mauern des Forn del Pla de na Tesa bewahren 125 Jahre einer reichen Familiengeschichte, die Generation f\u00fcr Generation Tradition und handwerkliche Exzellenz bewahrt hat und zu einem symboltr\u00e4chtigen Unternehmen f\u00fcr die Gemeinde Marratx\u00ed geworden ist. Am 1. Juli...<\/div><\/div><\/div><div class=\"swiper-slide\" data-swiper-autoplay=\"5000\"><div class=\"gt-venue-style-1\"><div class=\"gt-image\"><a href=\"https:\/\/visitmarratxi.es\/de\/venue\/esglesies\/\"><img loading=\"lazy\" decoding=\"async\" width=\"620\" height=\"400\" src=\"https:\/\/visitmarratxi.es\/wp-content\/uploads\/2022\/02\/SantMarcal.jpg\" class=\"attachment-eventchamp-event-list size-eventchamp-event-list wp-post-image\" alt=\"\" srcset=\"https:\/\/visitmarratxi.es\/wp-content\/uploads\/2022\/02\/SantMarcal.jpg 620w, https:\/\/visitmarratxi.es\/wp-content\/uploads\/2022\/02\/SantMarcal-300x194.jpg 300w, https:\/\/visitmarratxi.es\/wp-content\/uploads\/2022\/02\/SantMarcal-600x387.jpg 600w\" sizes=\"auto, (max-width: 620px) 100vw, 620px\" \/><\/a><\/div><div class=\"gt-title\"><a href=\"https:\/\/visitmarratxi.es\/de\/venue\/esglesies\/\">Erbe<\/a><\/div><div class=\"gt-excerpt\">Wenn Sie eine Leidenschaft f\u00fcr Kunst oder Architektur haben, m\u00fcssen Sie die verschiedenen Kirchen von Marratx\u00ed besuchen. Jede von ihnen hat einen anderen Stil und eine Geschichte, die sie charakterisiert. Sant Mar\u00e7al, eine Kirche im Barockstil, in der die Skulptur...<\/div><\/div><\/div><\/div><div class=\"gt-pagination\"><\/div><\/div><\/div>[\/vc_column][\/vc_row][vc_row content_placement=&#8220;middle&#8220; row-text-align=&#8220;center&#8220; background-position=&#8220;center-center&#8220; css=&#8220;.vc_custom_1646210983923{padding-top: 0px !important;padding-bottom: 0px !important;background-position: center !important;background-repeat: no-repeat !important;background-size: cover !important;}&#8220;][vc_column css=&#8220;.vc_custom_1646210996903{padding-top: 0px !important;padding-right: 0px !important;padding-bottom: 0px !important;padding-left: 0px !important;}&#8220;][vc_single_image image=&#8220;8647&#8243; img_size=&#8220;full&#8220; alignment=&#8220;center&#8220; onclick=&#8220;custom_link&#8220; img_link_target=&#8220;_blank&#8220; link=&#8220;https:\/\/aparador.marratxi.es\/&#8220; css=&#8220;.vc_custom_1715585327200{margin-bottom: 0px !important;}&#8220;][\/vc_column][\/vc_row][vc_row row-text-align=&#8220;center&#8220;][vc_column][vc_empty_space height=&#8220;50px&#8220;][vc_raw_html]JTNDJTIxLS0lMjBTbmFwV2lkZ2V0JTIwLS0lM0UlMEElM0NzY3JpcHQlMjBzcmMlM0QlMjJodHRwcyUzQSUyRiUyRnNuYXB3aWRnZXQuY29tJTJGanMlMkZzbmFwd2lkZ2V0LmpzJTIyJTNFJTNDJTJGc2NyaXB0JTNFJTBBJTNDaWZyYW1lJTIwc3JjJTNEJTIyaHR0cHMlM0ElMkYlMkZzbmFwd2lkZ2V0LmNvbSUyRmVtYmVkJTJGOTg1MzkzJTIyJTIwY2xhc3MlM0QlMjJzbmFwd2lkZ2V0LXdpZGdldCUyMiUyMGFsbG93dHJhbnNwYXJlbmN5JTNEJTIydHJ1ZSUyMiUyMGZyYW1lYm9yZGVyJTNEJTIyMCUyMiUyMHNjcm9sbGluZyUzRCUyMm5vJTIyJTIwc3R5bGUlM0QlMjJib3JkZXIlM0Fub25lJTNCJTIwb3ZlcmZsb3clM0FoaWRkZW4lM0IlMjAlMjB3aWR0aCUzQTEwMCUyNSUzQiUyMCUyMiUzRSUzQyUyRmlmcmFtZSUzRQ==[\/vc_raw_html][vc_empty_space height=&#8220;50px&#8220;][\/vc_column][\/vc_row]<\/p>\n<\/div>","protected":false},"excerpt":{"rendered":"<p>[vc_row full_width=&#8220;stretch_row_content_no_spaces&#8220; full_height=&#8220;yes&#8220; disable_element=&#8220;yes&#8220;][vc_column][\/vc_column][\/vc_row][vc_row full_width=&#8220;stretch_row_content_no_spaces&#8220;][vc_column offset=&#8220;vc_col-xs-12&#8243;][\/vc_column][\/vc_row][vc_row][vc_column][vc_empty_space height=&#8220;50px&#8220;][vc_empty_space height=&#8220;50px&#8220;][vc_empty_space height=&#8220;50px&#8220;][vc_separator border_width=&#8220;4&#8243; el_width=&#8220;70&#8243;][vc_empty_space height=&#8220;50px&#8220;][vc_empty_space height=&#8220;50px&#8220;][\/vc_column][\/vc_row][vc_row content_placement=&#8220;middle&#8220; row-text-align=&#8220;center&#8220; background-position=&#8220;center-center&#8220; css=&#8220;.vc_custom_1646210983923{padding-top: 0px !important;padding-bottom: 0px !important;background-position: center !important;background-repeat: no-repeat !important;background-size: cover !important;}&#8220;][vc_column css=&#8220;.vc_custom_1646210996903{padding-top: 0px !important;padding-right: 0px !important;padding-bottom: 0px !important;padding-left: 0px !important;}&#8220;][vc_single_image image=&#8220;8568&#8243; img_size=&#8220;full&#8220; alignment=&#8220;center&#8220; onclick=&#8220;custom_link&#8220;&#8230;<\/p>\n","protected":false},"author":6,"featured_media":0,"parent":0,"menu_order":0,"comment_status":"closed","ping_status":"closed","template":"","meta":{"footnotes":""},"class_list":["post-11470","page","type-page","status-publish","hentry"],"_links":{"self":[{"href":"https:\/\/visitmarratxi.es\/de\/wp-json\/wp\/v2\/pages\/11470","targetHints":{"allow":["GET"]}}],"collection":[{"href":"https:\/\/visitmarratxi.es\/de\/wp-json\/wp\/v2\/pages"}],"about":[{"href":"https:\/\/visitmarratxi.es\/de\/wp-json\/wp\/v2\/types\/page"}],"author":[{"embeddable":true,"href":"https:\/\/visitmarratxi.es\/de\/wp-json\/wp\/v2\/users\/6"}],"replies":[{"embeddable":true,"href":"https:\/\/visitmarratxi.es\/de\/wp-json\/wp\/v2\/comments?post=11470"}],"version-history":[{"count":5,"href":"https:\/\/visitmarratxi.es\/de\/wp-json\/wp\/v2\/pages\/11470\/revisions"}],"predecessor-version":[{"id":13170,"href":"https:\/\/visitmarratxi.es\/de\/wp-json\/wp\/v2\/pages\/11470\/revisions\/13170"}],"wp:attachment":[{"href":"https:\/\/visitmarratxi.es\/de\/wp-json\/wp\/v2\/media?parent=11470"}],"curies":[{"name":"wp","href":"https:\/\/api.w.org\/{rel}","templated":true}]}}