{"id":11515,"date":"2023-06-15T13:46:28","date_gmt":"2023-06-15T11:46:28","guid":{"rendered":"https:\/\/marratxiesviu.es\/?page_id=11515"},"modified":"2023-06-15T13:49:23","modified_gmt":"2023-06-15T11:49:23","slug":"taste-shopping","status":"publish","type":"page","link":"https:\/\/visitmarratxi.es\/en\/taste-shopping\/","title":{"rendered":"Taste &#038; Shopping"},"content":{"rendered":"<div class=\"wpb-content-wrapper\"><p>[vc_row][vc_column]<div class=\"gt-heading gt-dark gt-size1 gt-align-center\"><div class=\"gt-title\">PLACES <span>FOR LOCAL PRODUCT &amp; SHOPPING<\/span><\/div><div class=\"gt-separate\"><div class=\"gt-icon\"> <\/div><\/div><\/div>[\/vc_column][\/vc_row][vc_row][vc_column][vc_empty_space height=&#8221;100px&#8221;][\/vc_column][\/vc_row][vc_row][vc_column]<div class=\"gt-venue-listing\"><div class=\"gt-columns gt-column-2\"><div class=\"gt-col\"><div class=\"gt-inner\"><div class=\"gt-venue-style-1\"><div class=\"gt-image\"><a href=\"https:\/\/visitmarratxi.es\/en\/venue\/125-aniversary-of-es-forn-del-pla-de-na-tesa\/\"><img loading=\"lazy\" decoding=\"async\" width=\"800\" height=\"579\" src=\"https:\/\/visitmarratxi.es\/wp-content\/uploads\/2024\/06\/esforn_pladenatesa-800x579.jpg\" class=\"attachment-eventchamp-event-list size-eventchamp-event-list wp-post-image\" alt=\"\" \/><\/a><div class=\"gt-location\"><ul><li><a href=\"https:\/\/visitmarratxi.es\/en\/location\/cami-de-son-alegre-3\/?post_type=venue\">Cam\u00ed de Son Alegre<\/a><\/li><li><a href=\"https:\/\/visitmarratxi.es\/en\/location\/marratxi-en\/?post_type=venue\">Marratx\u00ed<\/a><\/li><\/ul><\/div><\/div><div class=\"gt-title\"><a href=\"https:\/\/visitmarratxi.es\/en\/venue\/125-aniversary-of-es-forn-del-pla-de-na-tesa\/\">125th aniversary of &#8220;es Forn&#8221; del Pla de na Tesa<\/a><\/div><div class=\"gt-excerpt\">HISTORY The walls of the Forn del Pla de na Tesa preserve 125 years of a rich family history that, generation after generation, has preserved tradition and artisanal excellence, becoming an emblematic business for the municipality of Marratx\u00ed. On July...<\/div><\/div><\/div><\/div><div class=\"gt-col\"><div class=\"gt-inner\"><div class=\"gt-venue-style-1\"><div class=\"gt-image\"><a href=\"https:\/\/visitmarratxi.es\/en\/venue\/ceramica-de-marratxi\/\"><img loading=\"lazy\" decoding=\"async\" width=\"620\" height=\"400\" src=\"https:\/\/visitmarratxi.es\/wp-content\/uploads\/2022\/04\/anne-nygard-P7X0np30w30-unsplash-1.jpg\" class=\"attachment-eventchamp-event-list size-eventchamp-event-list wp-post-image\" alt=\"\" srcset=\"https:\/\/visitmarratxi.es\/wp-content\/uploads\/2022\/04\/anne-nygard-P7X0np30w30-unsplash-1.jpg 620w, https:\/\/visitmarratxi.es\/wp-content\/uploads\/2022\/04\/anne-nygard-P7X0np30w30-unsplash-1-300x194.jpg 300w, https:\/\/visitmarratxi.es\/wp-content\/uploads\/2022\/04\/anne-nygard-P7X0np30w30-unsplash-1-600x387.jpg 600w\" sizes=\"auto, (max-width: 620px) 100vw, 620px\" \/><\/a><div class=\"gt-location\"><ul><li><a href=\"https:\/\/visitmarratxi.es\/en\/location\/cabaneta-en\/?post_type=venue\">Cabaneta<\/a><\/li><li><a href=\"https:\/\/visitmarratxi.es\/en\/location\/marratxi-en\/?post_type=venue\">Marratx\u00ed<\/a><\/li><li><a href=\"https:\/\/visitmarratxi.es\/en\/location\/portol-en\/?post_type=venue\">P\u00f2rtol<\/a><\/li><\/ul><\/div><\/div><div class=\"gt-title\"><a href=\"https:\/\/visitmarratxi.es\/en\/venue\/ceramica-de-marratxi\/\">Pottery from Marratx\u00ed<\/a><\/div><div class=\"gt-excerpt\">Did you know that the first pots, were made of white clay and red earth and were used for cooking and preserving food? It is a tradition that has endured through the centuries. Food tastes different when cooked in a...<\/div><\/div><\/div><\/div><div class=\"gt-col\"><div class=\"gt-inner\"><div class=\"gt-venue-style-1\"><div class=\"gt-image\"><a href=\"https:\/\/visitmarratxi.es\/en\/venue\/forns-i-pastisseries-tradicionals\/\"><img loading=\"lazy\" decoding=\"async\" width=\"952\" height=\"579\" src=\"https:\/\/visitmarratxi.es\/wp-content\/uploads\/2022\/02\/DSC07512-952x579.jpg\" class=\"attachment-eventchamp-event-list size-eventchamp-event-list wp-post-image\" alt=\"\" srcset=\"https:\/\/visitmarratxi.es\/wp-content\/uploads\/2022\/02\/DSC07512-952x579.jpg 952w, https:\/\/visitmarratxi.es\/wp-content\/uploads\/2022\/02\/DSC07512-130x80.jpg 130w\" sizes=\"auto, (max-width: 952px) 100vw, 952px\" \/><\/a><div class=\"gt-location\"><ul><li><a href=\"https:\/\/visitmarratxi.es\/en\/location\/cabaneta-en\/?post_type=venue\">Cabaneta<\/a><\/li><li><a href=\"https:\/\/visitmarratxi.es\/en\/location\/marratxi-en\/?post_type=venue\">Marratx\u00ed<\/a><\/li><li><a href=\"https:\/\/visitmarratxi.es\/en\/location\/pla-de-na-tesa-en\/?post_type=venue\">Pla de na Tesa<\/a><\/li><li><a href=\"https:\/\/visitmarratxi.es\/en\/location\/pont-dinca-en\/?post_type=venue\">Pont d&#8217;Inca<\/a><\/li><li><a href=\"https:\/\/visitmarratxi.es\/en\/location\/portol-en\/?post_type=venue\">P\u00f2rtol<\/a><\/li><\/ul><\/div><\/div><div class=\"gt-title\"><a href=\"https:\/\/visitmarratxi.es\/en\/venue\/forns-i-pastisseries-tradicionals\/\">Emblematic shops<\/a><\/div><div class=\"gt-excerpt\">The emblematic shops are a symbol and expression of the identity of Marratx\u00ed, establishments that have managed to stand the test of time. For this reason, we want to help increase awareness of them because they form part of the...<\/div><\/div><\/div><\/div><div class=\"gt-col\"><div class=\"gt-inner\"><div class=\"gt-venue-style-1\"><div class=\"gt-image\"><a href=\"https:\/\/visitmarratxi.es\/en\/venue\/ron-amazonas\/\"><img loading=\"lazy\" decoding=\"async\" width=\"620\" height=\"400\" src=\"https:\/\/visitmarratxi.es\/wp-content\/uploads\/2022\/03\/620x400-Amazona.jpg\" class=\"attachment-eventchamp-event-list size-eventchamp-event-list wp-post-image\" alt=\"\" srcset=\"https:\/\/visitmarratxi.es\/wp-content\/uploads\/2022\/03\/620x400-Amazona.jpg 620w, https:\/\/visitmarratxi.es\/wp-content\/uploads\/2022\/03\/620x400-Amazona-300x194.jpg 300w, https:\/\/visitmarratxi.es\/wp-content\/uploads\/2022\/03\/620x400-Amazona-600x387.jpg 600w\" sizes=\"auto, (max-width: 620px) 100vw, 620px\" \/><\/a><div class=\"gt-location\"><ul><li><a href=\"https:\/\/visitmarratxi.es\/en\/location\/marratxi-en\/?post_type=venue\">Marratx\u00ed<\/a><\/li><\/ul><\/div><\/div><div class=\"gt-title\"><a href=\"https:\/\/visitmarratxi.es\/en\/venue\/ron-amazonas\/\">Ron Amazona<\/a><\/div><div class=\"gt-excerpt\">Sweet rum is one of the most typical drinks in Mallorca and has been produced in Marratx\u00ed since 1982 thanks to the Limsa company. A company with a long tradition that produces anisette, liqueurs and rum. Nowadays, they produce more...<\/div><\/div><\/div><\/div><div class=\"gt-col\"><div class=\"gt-inner\"><div class=\"gt-venue-style-1\"><div class=\"gt-image\"><a href=\"https:\/\/visitmarratxi.es\/en\/venue\/bodegues-tunel\/\"><img loading=\"lazy\" decoding=\"async\" width=\"620\" height=\"400\" src=\"https:\/\/visitmarratxi.es\/wp-content\/uploads\/2022\/03\/620x400-Tunel.jpg\" class=\"attachment-eventchamp-event-list size-eventchamp-event-list wp-post-image\" alt=\"\" srcset=\"https:\/\/visitmarratxi.es\/wp-content\/uploads\/2022\/03\/620x400-Tunel.jpg 620w, https:\/\/visitmarratxi.es\/wp-content\/uploads\/2022\/03\/620x400-Tunel-300x194.jpg 300w, https:\/\/visitmarratxi.es\/wp-content\/uploads\/2022\/03\/620x400-Tunel-600x387.jpg 600w\" sizes=\"auto, (max-width: 620px) 100vw, 620px\" \/><\/a><div class=\"gt-location\"><ul><li><a href=\"https:\/\/visitmarratxi.es\/en\/location\/marratxi-en\/?post_type=venue\">Marratx\u00ed<\/a><\/li><\/ul><\/div><\/div><div class=\"gt-title\"><a href=\"https:\/\/visitmarratxi.es\/en\/venue\/bodegues-tunel\/\">T\u00fanel Herbs<\/a><\/div><div class=\"gt-excerpt\">Distribuciones T\u00fanel, formerly known as Bodegas T\u00fanel, is a family-run wine and liquor distribution company founded in 1986 and located in Marratx\u00ed. It has become one of the largest distributors in the Balearic Islands. Dry, sweet or mixed herbs Herbs...<\/div><\/div><\/div><\/div><div class=\"gt-col\"><div class=\"gt-inner\"><div class=\"gt-venue-style-1\"><div class=\"gt-image\"><a href=\"https:\/\/visitmarratxi.es\/en\/venue\/bodegues-suau\/\"><img loading=\"lazy\" decoding=\"async\" width=\"620\" height=\"400\" src=\"https:\/\/visitmarratxi.es\/wp-content\/uploads\/2022\/03\/12.jpg\" class=\"attachment-eventchamp-event-list size-eventchamp-event-list wp-post-image\" alt=\"\" srcset=\"https:\/\/visitmarratxi.es\/wp-content\/uploads\/2022\/03\/12.jpg 620w, https:\/\/visitmarratxi.es\/wp-content\/uploads\/2022\/03\/12-300x194.jpg 300w, https:\/\/visitmarratxi.es\/wp-content\/uploads\/2022\/03\/12-600x387.jpg 600w\" sizes=\"auto, (max-width: 620px) 100vw, 620px\" \/><\/a><div class=\"gt-location\"><ul><li><a href=\"https:\/\/visitmarratxi.es\/en\/location\/marratxi-en\/?post_type=venue\">Marratx\u00ed<\/a><\/li><\/ul><\/div><\/div><div class=\"gt-title\"><a href=\"https:\/\/visitmarratxi.es\/en\/venue\/bodegues-suau\/\">Bodegues Suau<\/a><\/div><div class=\"gt-excerpt\">Brandy and Premium gin are the star products of Bodegues Suau. These wineries are committed to innovation. Their latest creation is an 8-year-old brandy with a touch of macerated oranges. A unique flavour in great demand in the United States....<\/div><\/div><\/div><\/div><div class=\"gt-col\"><div class=\"gt-inner\"><div class=\"gt-venue-style-1\"><div class=\"gt-image\"><a href=\"https:\/\/visitmarratxi.es\/en\/venue\/savenc\/\"><img loading=\"lazy\" decoding=\"async\" width=\"620\" height=\"400\" src=\"https:\/\/visitmarratxi.es\/wp-content\/uploads\/2022\/03\/SAvenc.jpg\" class=\"attachment-eventchamp-event-list size-eventchamp-event-list wp-post-image\" alt=\"\" srcset=\"https:\/\/visitmarratxi.es\/wp-content\/uploads\/2022\/03\/SAvenc.jpg 620w, https:\/\/visitmarratxi.es\/wp-content\/uploads\/2022\/03\/SAvenc-300x194.jpg 300w, https:\/\/visitmarratxi.es\/wp-content\/uploads\/2022\/03\/SAvenc-600x387.jpg 600w\" sizes=\"auto, (max-width: 620px) 100vw, 620px\" \/><\/a><div class=\"gt-location\"><ul><li><a href=\"https:\/\/visitmarratxi.es\/en\/location\/marratxi-en\/?post_type=venue\">Marratx\u00ed<\/a><\/li><\/ul><\/div><\/div><div class=\"gt-title\"><a href=\"https:\/\/visitmarratxi.es\/en\/venue\/savenc\/\">S\u2019Avenc<\/a><\/div><div class=\"gt-excerpt\">Thanks to Greek civilization, honey forms part of Mallorca&#8217;s gastronomy. A legacy that has resulted in our esteemed Mediterranean diet.<\/div><\/div><\/div><\/div><div class=\"gt-col\"><div class=\"gt-inner\"><div class=\"gt-venue-style-1\"><div class=\"gt-image\"><a href=\"https:\/\/visitmarratxi.es\/en\/venue\/flor-dametler\/\"><img loading=\"lazy\" decoding=\"async\" width=\"620\" height=\"400\" src=\"https:\/\/visitmarratxi.es\/wp-content\/uploads\/2022\/03\/Flor-d-Ametler.jpg\" class=\"attachment-eventchamp-event-list size-eventchamp-event-list wp-post-image\" alt=\"\" srcset=\"https:\/\/visitmarratxi.es\/wp-content\/uploads\/2022\/03\/Flor-d-Ametler.jpg 620w, https:\/\/visitmarratxi.es\/wp-content\/uploads\/2022\/03\/Flor-d-Ametler-300x194.jpg 300w, https:\/\/visitmarratxi.es\/wp-content\/uploads\/2022\/03\/Flor-d-Ametler-600x387.jpg 600w\" sizes=\"auto, (max-width: 620px) 100vw, 620px\" \/><\/a><div class=\"gt-location\"><ul><li><a href=\"https:\/\/visitmarratxi.es\/en\/location\/marratxi-en\/?post_type=venue\">Marratx\u00ed<\/a><\/li><\/ul><\/div><\/div><div class=\"gt-title\"><a href=\"https:\/\/visitmarratxi.es\/en\/venue\/flor-dametler\/\">Flor d&#8217;Ametler, the perfum of Mallorca<\/a><\/div><div class=\"gt-excerpt\">The Mallorcan Bernat Vallori had the idea of creating a perfume with the fragrance of almond trees, as his mother and godmother had already done to create their own perfumes. The creator wanted to keep the characteristic scent of the...<\/div><\/div><\/div><\/div><div class=\"gt-col\"><div class=\"gt-inner\"><div class=\"gt-venue-style-1\"><div class=\"gt-image\"><a href=\"https:\/\/visitmarratxi.es\/en\/venue\/fang-cuina\/\"><img loading=\"lazy\" decoding=\"async\" width=\"620\" height=\"400\" src=\"https:\/\/visitmarratxi.es\/wp-content\/uploads\/2022\/02\/Fang-Cuina-2-1.jpg\" class=\"attachment-eventchamp-event-list size-eventchamp-event-list wp-post-image\" alt=\"\" srcset=\"https:\/\/visitmarratxi.es\/wp-content\/uploads\/2022\/02\/Fang-Cuina-2-1.jpg 620w, https:\/\/visitmarratxi.es\/wp-content\/uploads\/2022\/02\/Fang-Cuina-2-1-300x194.jpg 300w, https:\/\/visitmarratxi.es\/wp-content\/uploads\/2022\/02\/Fang-Cuina-2-1-600x387.jpg 600w\" sizes=\"auto, (max-width: 620px) 100vw, 620px\" \/><\/a><div class=\"gt-location\"><ul><li><a href=\"https:\/\/visitmarratxi.es\/en\/location\/marratxi-en\/?post_type=venue\">Marratx\u00ed<\/a><\/li><\/ul><\/div><\/div><div class=\"gt-title\"><a href=\"https:\/\/visitmarratxi.es\/en\/venue\/fang-cuina\/\">Fang Cuina<\/a><\/div><div class=\"gt-excerpt\">Gastronomy and Ceramics Fair in Marratx\u00ed Fang Cuina is an initiative to promote the cuisine of Marratx\u00ed combined with clay. Do you dare to make any of these recipes?<\/div><\/div><\/div><\/div><div class=\"gt-col\"><div class=\"gt-inner\"><div class=\"gt-venue-style-1\"><div class=\"gt-image\"><a href=\"https:\/\/visitmarratxi.es\/en\/venue\/menjador\/\"><img loading=\"lazy\" decoding=\"async\" width=\"620\" height=\"400\" src=\"https:\/\/visitmarratxi.es\/wp-content\/uploads\/2018\/11\/5.-Mercats.jpg\" class=\"attachment-eventchamp-event-list size-eventchamp-event-list wp-post-image\" alt=\"\" srcset=\"https:\/\/visitmarratxi.es\/wp-content\/uploads\/2018\/11\/5.-Mercats.jpg 620w, https:\/\/visitmarratxi.es\/wp-content\/uploads\/2018\/11\/5.-Mercats-300x194.jpg 300w, https:\/\/visitmarratxi.es\/wp-content\/uploads\/2018\/11\/5.-Mercats-600x387.jpg 600w\" sizes=\"auto, (max-width: 620px) 100vw, 620px\" \/><\/a><div class=\"gt-location\"><ul><li><a href=\"https:\/\/visitmarratxi.es\/en\/location\/marratxi-en\/?post_type=venue\">Marratx\u00ed<\/a><\/li><\/ul><\/div><\/div><div class=\"gt-title\"><a href=\"https:\/\/visitmarratxi.es\/en\/venue\/menjador\/\">Traditional markets<\/a><\/div><div class=\"gt-excerpt\">Day and hours: Tuesday from 8:00 AM to 13:00 PM Location: Pla de Na Tesa, Pla\u00e7a de l&#8217;Esgl\u00e9sia. Day and time: Wednesday from 8:00 AM to 13:00 PM Location: Sa Cabana, Pla\u00e7a Cabana. Day and time: Thursday from 8:00 AM...<\/div><\/div><\/div><\/div><\/div><\/div>[\/vc_column][\/vc_row]<\/p>\n<\/div>","protected":false},"excerpt":{"rendered":"<p>[vc_row][vc_column][\/vc_column][\/vc_row][vc_row][vc_column][vc_empty_space height=&#8221;100px&#8221;][\/vc_column][\/vc_row][vc_row][vc_column][\/vc_column][\/vc_row]<\/p>\n","protected":false},"author":7,"featured_media":0,"parent":0,"menu_order":0,"comment_status":"closed","ping_status":"closed","template":"","meta":{"footnotes":""},"class_list":["post-11515","page","type-page","status-publish","hentry"],"_links":{"self":[{"href":"https:\/\/visitmarratxi.es\/en\/wp-json\/wp\/v2\/pages\/11515","targetHints":{"allow":["GET"]}}],"collection":[{"href":"https:\/\/visitmarratxi.es\/en\/wp-json\/wp\/v2\/pages"}],"about":[{"href":"https:\/\/visitmarratxi.es\/en\/wp-json\/wp\/v2\/types\/page"}],"author":[{"embeddable":true,"href":"https:\/\/visitmarratxi.es\/en\/wp-json\/wp\/v2\/users\/7"}],"replies":[{"embeddable":true,"href":"https:\/\/visitmarratxi.es\/en\/wp-json\/wp\/v2\/comments?post=11515"}],"version-history":[{"count":1,"href":"https:\/\/visitmarratxi.es\/en\/wp-json\/wp\/v2\/pages\/11515\/revisions"}],"predecessor-version":[{"id":11520,"href":"https:\/\/visitmarratxi.es\/en\/wp-json\/wp\/v2\/pages\/11515\/revisions\/11520"}],"wp:attachment":[{"href":"https:\/\/visitmarratxi.es\/en\/wp-json\/wp\/v2\/media?parent=11515"}],"curies":[{"name":"wp","href":"https:\/\/api.w.org\/{rel}","templated":true}]}}