{"id":12059,"date":"2023-10-26T10:17:27","date_gmt":"2023-10-26T08:17:27","guid":{"rendered":"https:\/\/visitmarratxi.es\/?post_type=event&#038;p=12059"},"modified":"2023-10-26T10:24:19","modified_gmt":"2023-10-26T08:24:19","slug":"toni-crespo-llega-a-marratxi-con-la-exposicion-retorn-al-jardi-dhivern","status":"publish","type":"event","link":"https:\/\/visitmarratxi.es\/es\/evento\/toni-crespo-llega-a-marratxi-con-la-exposicion-retorn-al-jardi-dhivern\/","title":{"rendered":"Toni Crespo llega a Marratx\u00ed con la exposici\u00f3n \u201cRetorn al jard\u00ed d\u2019hivern\u201d"},"content":{"rendered":"<p><em>Retorn al jard\u00ed d\u2019hivern<\/em> es una muestra del uso innovador por parte del artista, Toni Crespo, de los espr\u00e1is, con mezcla de texturas, materiales y t\u00e9cnicas, que captan la esencia de la ciudad, los recodos menos conocidos de la vida urbana.<\/p>\n<p>Esta exposici\u00f3n es una oportunidad excepcional para sumergirse en el mundo del pintor de Puigpunyent y apreciar la creatividad y la pasi\u00f3n que impregnan su trabajo.<\/p>\n<p>Crespo es un pintor contempor\u00e1neo conocido por su enfoque \u00fanico del arte, que refleja los tiempos en constante evoluci\u00f3n en los cuales ha vivido. Su obra es un reflejo din\u00e1mico del paisaje urbano, las historias ocultas de las calles estrechas y las marcas dejadas por los habitantes.<\/p>\n<p><strong>Inauguraci\u00f3n:<\/strong> Viernes 3 de noviembre, a las 19 horas.<br \/>\nHasta el mi\u00e9rcoles 22 de noviembre.<br \/>\n<strong>Horario:<\/strong> Martes y jueves, de 11:30 a 13:30h. Mi\u00e9rcoles, viernes y s\u00e1bados, de 18 a\u00a020h.<br \/>\nPara otros horarios solicitar visita a exposicions@marratxi.es<\/p>\n","protected":false},"excerpt":{"rendered":"<p>Retorn al jard\u00ed d\u2019hivern es una muestra del uso innovador por parte del artista, Toni Crespo, de los espr\u00e1is, con mezcla de texturas, materiales y t\u00e9cnicas, que captan la esencia de la ciudad, los recodos menos conocidos de la vida&#8230;<\/p>\n","protected":false},"author":6,"featured_media":12057,"comment_status":"open","ping_status":"closed","template":"","meta":{"footnotes":""},"eventcat":[293,323],"organizer":[],"event_tags":[564],"location":[345],"class_list":["post-12059","event","type-event","status-publish","has-post-thumbnail","hentry","eventcat-arte","eventcat-exposicion","event_tags-arte","location-ca-ses-monges-portol-carrer-major135-2"],"_links":{"self":[{"href":"https:\/\/visitmarratxi.es\/es\/wp-json\/wp\/v2\/event\/12059","targetHints":{"allow":["GET"]}}],"collection":[{"href":"https:\/\/visitmarratxi.es\/es\/wp-json\/wp\/v2\/event"}],"about":[{"href":"https:\/\/visitmarratxi.es\/es\/wp-json\/wp\/v2\/types\/event"}],"author":[{"embeddable":true,"href":"https:\/\/visitmarratxi.es\/es\/wp-json\/wp\/v2\/users\/6"}],"replies":[{"embeddable":true,"href":"https:\/\/visitmarratxi.es\/es\/wp-json\/wp\/v2\/comments?post=12059"}],"version-history":[{"count":1,"href":"https:\/\/visitmarratxi.es\/es\/wp-json\/wp\/v2\/event\/12059\/revisions"}],"predecessor-version":[{"id":12060,"href":"https:\/\/visitmarratxi.es\/es\/wp-json\/wp\/v2\/event\/12059\/revisions\/12060"}],"wp:featuredmedia":[{"embeddable":true,"href":"https:\/\/visitmarratxi.es\/es\/wp-json\/wp\/v2\/media\/12057"}],"wp:attachment":[{"href":"https:\/\/visitmarratxi.es\/es\/wp-json\/wp\/v2\/media?parent=12059"}],"wp:term":[{"taxonomy":"eventcat","embeddable":true,"href":"https:\/\/visitmarratxi.es\/es\/wp-json\/wp\/v2\/eventcat?post=12059"},{"taxonomy":"organizer","embeddable":true,"href":"https:\/\/visitmarratxi.es\/es\/wp-json\/wp\/v2\/organizer?post=12059"},{"taxonomy":"event_tags","embeddable":true,"href":"https:\/\/visitmarratxi.es\/es\/wp-json\/wp\/v2\/event_tags?post=12059"},{"taxonomy":"location","embeddable":true,"href":"https:\/\/visitmarratxi.es\/es\/wp-json\/wp\/v2\/location?post=12059"}],"curies":[{"name":"wp","href":"https:\/\/api.w.org\/{rel}","templated":true}]}}