{"id":7213,"date":"2023-06-02T09:04:40","date_gmt":"2023-06-02T07:04:40","guid":{"rendered":"https:\/\/marratxiesviu.es\/?page_id=7213"},"modified":"2023-07-10T10:18:38","modified_gmt":"2023-07-10T08:18:38","slug":"que-quieres-hacer","status":"publish","type":"page","link":"https:\/\/visitmarratxi.es\/es\/que-quieres-hacer\/","title":{"rendered":"\u00bfQu\u00e9 quieres hacer?"},"content":{"rendered":"<div class=\"wpb-content-wrapper\"><p>[vc_row][vc_column]<div class=\"gt-heading gt-dark gt-size1 gt-align-center\"><div class=\"gt-title\">DESCUBRE <span>MARRATX\u00cd<\/span><\/div><div class=\"gt-separate\"><div class=\"gt-icon\"> <\/div><\/div><\/div>[vc_column_text css=\u00bb.vc_custom_1685697548398{padding-top: 40px !important;padding-right: 5vh !important;padding-bottom: 40px !important;padding-left: 5vh !important;}\u00bb]<\/p>\n<p style=\"text-align: center;\">Marratx\u00ed es un rinc\u00f3n de Mallorca lleno de planes por hacer. Aqu\u00ed podr\u00e1s descubrir un municipio lleno de apasionante cultura, famoso por su cer\u00e1mica, lleno de lugares ricos donde poder degustar la mejor gastronom\u00eda, donde encontrar\u00e1s muchas opciones de comercio local, encantadores hoteles y opciones perfectas para el deporte.<\/p>\n<p>[\/vc_column_text][\/vc_column][\/vc_row][vc_row][vc_column][vc_empty_space height=\u00bb100px\u00bb][\/vc_column][\/vc_row][vc_row el_class=\u00bbfeed-turisme\u00bb][vc_column][vc_row_inner content_placement=\u00bbmiddle\u00bb gap=\u00bb30&#8243; css=\u00bb.vc_custom_1685695307647{padding-right: 16px !important;padding-left: 16px !important;}\u00bb][vc_column_inner width=\u00bb1\/3&#8243;]<div class=\"gt-heading gt-dark gt-size1 gt-align-left\"><div class=\"gt-title\">CULTURA<\/div><\/div>[vc_column_text css=\u00bb.vc_custom_1685697560734{margin-top: 20px !important;}\u00bb]Son muchos los lugares de Marratx\u00ed donde la cultura es protagonista. Tenemos museos, bibliotecas, salas de exposici\u00f3n, iglesias, monumentos, itinerarios y muchas historias que contarte. Porque en Marratx\u00ed, la cultura, s\u00ed que tiene un sitio.[\/vc_column_text]<div class=\"gt-button gt-style-1 gt-align-left gt-inline-false gt-margin-false\"><a href=\"http:\/\/visitmarratxi.es\/es\/cultura\/\" target=\"_parent\"><span>Ver m\u00e1s<\/span><\/a><\/div>[\/vc_column_inner][vc_column_inner width=\u00bb2\/3&#8243; css=\u00bb.vc_custom_1685690917200{padding-top: 15vh !important;padding-bottom: 15vh !important;background-image: url(http:\/\/visitmarratxi.es\/wp-content\/uploads\/2023\/06\/bg-tur-cultura.jpg?id=7219) !important;background-position: center !important;background-repeat: no-repeat !important;background-size: cover !important;border-radius: 5px !important;}\u00bb][\/vc_column_inner][\/vc_row_inner][vc_row_inner content_placement=\u00bbmiddle\u00bb gap=\u00bb30&#8243;][vc_column_inner]<div class=\"gt-venues-carousel gt-dark\"><div class=\"swiper-container gt-swiper-slider\" data-gt-item=\"3\" data-gt-item-space=\"30\" data-gt-loop=\"true\" data-gt-speed=\"1000\" data-gt-direction=\"horizontal\" data-gt-effect=\"slide\" data-gt-centered-slides=\"false\" data-gt-free-mode=\"false\"><div class=\"swiper-wrapper\"><div class=\"swiper-slide\" data-swiper-autoplay=\"15000\"><div class=\"gt-venue-style-1\"><div class=\"gt-image\"><a href=\"https:\/\/visitmarratxi.es\/es\/lugar\/centro-cultural-sescorxador\/\"><img loading=\"lazy\" decoding=\"async\" width=\"620\" height=\"400\" src=\"https:\/\/visitmarratxi.es\/wp-content\/uploads\/2022\/02\/img_4355_escorxador_foto-1.jpg\" class=\"attachment-eventchamp-event-list size-eventchamp-event-list wp-post-image\" alt=\"escorxador\" srcset=\"https:\/\/visitmarratxi.es\/wp-content\/uploads\/2022\/02\/img_4355_escorxador_foto-1.jpg 620w, https:\/\/visitmarratxi.es\/wp-content\/uploads\/2022\/02\/img_4355_escorxador_foto-1-300x194.jpg 300w, https:\/\/visitmarratxi.es\/wp-content\/uploads\/2022\/02\/img_4355_escorxador_foto-1-600x387.jpg 600w\" sizes=\"auto, (max-width: 620px) 100vw, 620px\" \/><\/a><div class=\"gt-location\"><ul><li><a href=\"https:\/\/visitmarratxi.es\/es\/ubicacion\/marratxi-es\/?post_type=venue\">Marratx\u00ed<\/a><\/li><\/ul><\/div><\/div><div class=\"gt-title\"><a href=\"https:\/\/visitmarratxi.es\/es\/lugar\/centro-cultural-sescorxador\/\">Centro cultural s&#8217;Escorxador<\/a><\/div><div class=\"gt-excerpt\">S\u2019Escorxador es un espacio que ha sido recuperado por el Ayuntamiento, especialmente, como centro de exposiciones de arte. Adem\u00e1s podr\u00e9is encontrar tambi\u00e9n la escuela de cer\u00e1mica.<\/div><\/div><\/div><div class=\"swiper-slide\" data-swiper-autoplay=\"15000\"><div class=\"gt-venue-style-1\"><div class=\"gt-image\"><a href=\"https:\/\/visitmarratxi.es\/es\/lugar\/museu-del-fang\/\"><img loading=\"lazy\" decoding=\"async\" width=\"620\" height=\"400\" src=\"https:\/\/visitmarratxi.es\/wp-content\/uploads\/2022\/02\/Museu-del-Fang-4-1.jpg\" class=\"attachment-eventchamp-event-list size-eventchamp-event-list wp-post-image\" alt=\"Museu del Fang\" srcset=\"https:\/\/visitmarratxi.es\/wp-content\/uploads\/2022\/02\/Museu-del-Fang-4-1.jpg 620w, https:\/\/visitmarratxi.es\/wp-content\/uploads\/2022\/02\/Museu-del-Fang-4-1-300x194.jpg 300w, https:\/\/visitmarratxi.es\/wp-content\/uploads\/2022\/02\/Museu-del-Fang-4-1-600x387.jpg 600w\" sizes=\"auto, (max-width: 620px) 100vw, 620px\" \/><\/a><div class=\"gt-location\"><ul><li><a href=\"https:\/\/visitmarratxi.es\/es\/ubicacion\/marratxi-es\/?post_type=venue\">Marratx\u00ed<\/a><\/li><\/ul><\/div><\/div><div class=\"gt-title\"><a href=\"https:\/\/visitmarratxi.es\/es\/lugar\/museu-del-fang\/\">Museo del Fang<\/a><\/div><div class=\"gt-excerpt\">Un molino de viento harinero es el edificio donde se encuentra el Museo del Fang. Establecimiento que el Ayuntamiento de Marratx\u00ed adquiri\u00f3 el 1977, pero no fue hasta el a\u00f1o 2002 cuando se reform\u00f3 y se abri\u00f3 como Museo del...<\/div><\/div><\/div><div class=\"swiper-slide\" data-swiper-autoplay=\"15000\"><div class=\"gt-venue-style-1\"><div class=\"gt-image\"><a href=\"https:\/\/visitmarratxi.es\/es\/lugar\/patrimonio\/\"><img loading=\"lazy\" decoding=\"async\" width=\"620\" height=\"400\" src=\"https:\/\/visitmarratxi.es\/wp-content\/uploads\/2022\/02\/SantMarcal.jpg\" class=\"attachment-eventchamp-event-list size-eventchamp-event-list wp-post-image\" alt=\"SantMar\u00e7al\" srcset=\"https:\/\/visitmarratxi.es\/wp-content\/uploads\/2022\/02\/SantMarcal.jpg 620w, https:\/\/visitmarratxi.es\/wp-content\/uploads\/2022\/02\/SantMarcal-300x194.jpg 300w, https:\/\/visitmarratxi.es\/wp-content\/uploads\/2022\/02\/SantMarcal-600x387.jpg 600w\" sizes=\"auto, (max-width: 620px) 100vw, 620px\" \/><\/a><div class=\"gt-location\"><ul><li><a href=\"https:\/\/visitmarratxi.es\/es\/ubicacion\/marratxi-es\/?post_type=venue\">Marratx\u00ed<\/a><\/li><li><a href=\"https:\/\/visitmarratxi.es\/es\/ubicacion\/pla-de-na-tesa-2\/?post_type=venue\">Pla de na Tesa<\/a><\/li><li><a href=\"https:\/\/visitmarratxi.es\/es\/ubicacion\/sa-cabaneta\/?post_type=venue\">Sa Cabaneta<\/a><\/li><\/ul><\/div><\/div><div class=\"gt-title\"><a href=\"https:\/\/visitmarratxi.es\/es\/lugar\/patrimonio\/\">Patrimonio<\/a><\/div><div class=\"gt-excerpt\">Si eres un apasionado del arte o la arquitectura, tienes una visita obligatoria por las diferentes iglesias de Marratx\u00ed. Cada una de ellas cuenta con un estilo diferente y una historia que las caracteriza. Sant\u00a0Mar\u00e7al, iglesia de estilo barroco donde...<\/div><\/div><\/div><div class=\"swiper-slide\" data-swiper-autoplay=\"15000\"><div class=\"gt-venue-style-1\"><div class=\"gt-image\"><a href=\"https:\/\/visitmarratxi.es\/es\/lugar\/olleries\/\"><img loading=\"lazy\" decoding=\"async\" width=\"620\" height=\"400\" src=\"https:\/\/visitmarratxi.es\/wp-content\/uploads\/2022\/02\/Olleries-2-3.jpg\" class=\"attachment-eventchamp-event-list size-eventchamp-event-list wp-post-image\" alt=\"Olleries\" srcset=\"https:\/\/visitmarratxi.es\/wp-content\/uploads\/2022\/02\/Olleries-2-3.jpg 620w, https:\/\/visitmarratxi.es\/wp-content\/uploads\/2022\/02\/Olleries-2-3-300x194.jpg 300w, https:\/\/visitmarratxi.es\/wp-content\/uploads\/2022\/02\/Olleries-2-3-600x387.jpg 600w\" sizes=\"auto, (max-width: 620px) 100vw, 620px\" \/><\/a><div class=\"gt-location\"><ul><li><a href=\"https:\/\/visitmarratxi.es\/es\/ubicacion\/marratxi-es\/?post_type=venue\">Marratx\u00ed<\/a><\/li><\/ul><\/div><\/div><div class=\"gt-title\"><a href=\"https:\/\/visitmarratxi.es\/es\/lugar\/olleries\/\">Olleries<\/a><\/div><div class=\"gt-excerpt\">\u00bfSab\u00edas que, las primeras ollas se fabricaban con arcilla blanca y tierra roja y se usaban para cocinar y conservar alimentos? Es una tradici\u00f3n que siglo tras siglo ha perdurado en el tiempo. La comida tiene otro gusto si se...<\/div><\/div><\/div><div class=\"swiper-slide\" data-swiper-autoplay=\"15000\"><div class=\"gt-venue-style-1\"><div class=\"gt-image\"><a href=\"https:\/\/visitmarratxi.es\/es\/lugar\/marratxinet-3\/\"><img loading=\"lazy\" decoding=\"async\" width=\"620\" height=\"400\" src=\"https:\/\/visitmarratxi.es\/wp-content\/uploads\/2022\/05\/Diseno-sin-titulo-64.png\" class=\"attachment-eventchamp-event-list size-eventchamp-event-list wp-post-image\" alt=\"\" srcset=\"https:\/\/visitmarratxi.es\/wp-content\/uploads\/2022\/05\/Diseno-sin-titulo-64.png 620w, https:\/\/visitmarratxi.es\/wp-content\/uploads\/2022\/05\/Diseno-sin-titulo-64-300x194.png 300w, https:\/\/visitmarratxi.es\/wp-content\/uploads\/2022\/05\/Diseno-sin-titulo-64-600x387.png 600w\" sizes=\"auto, (max-width: 620px) 100vw, 620px\" \/><\/a><div class=\"gt-location\"><ul><li><a href=\"https:\/\/visitmarratxi.es\/es\/ubicacion\/marratxinet-es\/?post_type=venue\">Marratxinet<\/a><\/li><\/ul><\/div><\/div><div class=\"gt-title\"><a href=\"https:\/\/visitmarratxi.es\/es\/lugar\/marratxinet-3\/\">Marratxinet<\/a><\/div><\/div><\/div><div class=\"swiper-slide\" data-swiper-autoplay=\"15000\"><div class=\"gt-venue-style-1\"><div class=\"gt-image\"><a href=\"https:\/\/visitmarratxi.es\/es\/lugar\/sant-marcal\/\"><img loading=\"lazy\" decoding=\"async\" width=\"620\" height=\"400\" src=\"https:\/\/visitmarratxi.es\/wp-content\/uploads\/2022\/05\/SantMarcal-3.jpg\" class=\"attachment-eventchamp-event-list size-eventchamp-event-list wp-post-image\" alt=\"\" srcset=\"https:\/\/visitmarratxi.es\/wp-content\/uploads\/2022\/05\/SantMarcal-3.jpg 620w, https:\/\/visitmarratxi.es\/wp-content\/uploads\/2022\/05\/SantMarcal-3-300x194.jpg 300w, https:\/\/visitmarratxi.es\/wp-content\/uploads\/2022\/05\/SantMarcal-3-600x387.jpg 600w\" sizes=\"auto, (max-width: 620px) 100vw, 620px\" \/><\/a><div class=\"gt-location\"><ul><li><a href=\"https:\/\/visitmarratxi.es\/es\/ubicacion\/sa-cabaneta\/?post_type=venue\">Sa Cabaneta<\/a><\/li><\/ul><\/div><\/div><div class=\"gt-title\"><a href=\"https:\/\/visitmarratxi.es\/es\/lugar\/sant-marcal\/\">Sant Mar\u00e7al<\/a><\/div><div class=\"gt-excerpt\">Esgl\u00e9sia de Sant Mar\u00e7al La primera iglesia que se conoce que existi\u00f3 en Marratx\u00ed fue en el siglo XIII, a\u00f1os despu\u00e9s de la conquista de Jaume I. Esta pertenec\u00eda a Santa Maria del Cam\u00ed y estaba dedicada a Sancta Maria...<\/div><\/div><\/div><div class=\"swiper-slide\" data-swiper-autoplay=\"15000\"><div class=\"gt-venue-style-1\"><div class=\"gt-image\"><a href=\"https:\/\/visitmarratxi.es\/es\/lugar\/puente-des-caulls\/\"><img loading=\"lazy\" decoding=\"async\" width=\"620\" height=\"400\" src=\"https:\/\/visitmarratxi.es\/wp-content\/uploads\/2022\/05\/DSC03515.jpg\" class=\"attachment-eventchamp-event-list size-eventchamp-event-list wp-post-image\" alt=\"\" srcset=\"https:\/\/visitmarratxi.es\/wp-content\/uploads\/2022\/05\/DSC03515.jpg 620w, https:\/\/visitmarratxi.es\/wp-content\/uploads\/2022\/05\/DSC03515-300x194.jpg 300w, https:\/\/visitmarratxi.es\/wp-content\/uploads\/2022\/05\/DSC03515-600x387.jpg 600w\" sizes=\"auto, (max-width: 620px) 100vw, 620px\" \/><\/a><div class=\"gt-location\"><ul><li><a href=\"https:\/\/visitmarratxi.es\/es\/ubicacion\/marratxi-es\/?post_type=venue\">Marratx\u00ed<\/a><\/li><\/ul><\/div><\/div><div class=\"gt-title\"><a href=\"https:\/\/visitmarratxi.es\/es\/lugar\/puente-des-caulls\/\">Puente d&#8217;Es Ca\u00fclls<\/a><\/div><div class=\"gt-excerpt\">Este puente, edificado con bloques de mar\u00e9s y datado en el siglo XIX, se reconstruy\u00f3 con el objetivo de salvar el obst\u00e1culo que supon\u00eda el torrente de Coanegra, mejorando as\u00ed la comunicaci\u00f3n entre dos destacadas posesiones: Es Ca\u00fclls y Son...<\/div><\/div><\/div><div class=\"swiper-slide\" data-swiper-autoplay=\"15000\"><div class=\"gt-venue-style-1\"><div class=\"gt-image\"><a href=\"https:\/\/visitmarratxi.es\/es\/lugar\/reloj-de-sol\/\"><img loading=\"lazy\" decoding=\"async\" width=\"620\" height=\"400\" src=\"https:\/\/visitmarratxi.es\/wp-content\/uploads\/2022\/05\/DSC02330.jpg\" class=\"attachment-eventchamp-event-list size-eventchamp-event-list wp-post-image\" alt=\"\" srcset=\"https:\/\/visitmarratxi.es\/wp-content\/uploads\/2022\/05\/DSC02330.jpg 620w, https:\/\/visitmarratxi.es\/wp-content\/uploads\/2022\/05\/DSC02330-300x194.jpg 300w, https:\/\/visitmarratxi.es\/wp-content\/uploads\/2022\/05\/DSC02330-600x387.jpg 600w\" sizes=\"auto, (max-width: 620px) 100vw, 620px\" \/><\/a><div class=\"gt-location\"><ul><li><a href=\"https:\/\/visitmarratxi.es\/es\/ubicacion\/marratxi-es\/?post_type=venue\">Marratx\u00ed<\/a><\/li><\/ul><\/div><\/div><div class=\"gt-title\"><a href=\"https:\/\/visitmarratxi.es\/es\/lugar\/reloj-de-sol\/\">Reloj de Sol<\/a><\/div><div class=\"gt-excerpt\">Origen de los relojes solares Una de las preocupaciones m\u00e1s antiguas de la humanidad ha sido la de medir el tiempo. Observar los ciclos en el movimiento de la Luna, las estrellas y el Sol nos permiti\u00f3 ordenar y dividir...<\/div><\/div><\/div><div class=\"swiper-slide\" data-swiper-autoplay=\"15000\"><div class=\"gt-venue-style-1\"><div class=\"gt-image\"><a href=\"https:\/\/visitmarratxi.es\/es\/lugar\/molino-de-can-pere-antoni\/\"><img loading=\"lazy\" decoding=\"async\" width=\"620\" height=\"400\" src=\"https:\/\/visitmarratxi.es\/wp-content\/uploads\/2022\/05\/DSC02350-1.jpg\" class=\"attachment-eventchamp-event-list size-eventchamp-event-list wp-post-image\" alt=\"\" srcset=\"https:\/\/visitmarratxi.es\/wp-content\/uploads\/2022\/05\/DSC02350-1.jpg 620w, https:\/\/visitmarratxi.es\/wp-content\/uploads\/2022\/05\/DSC02350-1-300x194.jpg 300w, https:\/\/visitmarratxi.es\/wp-content\/uploads\/2022\/05\/DSC02350-1-600x387.jpg 600w\" sizes=\"auto, (max-width: 620px) 100vw, 620px\" \/><\/a><div class=\"gt-location\"><ul><li><a href=\"https:\/\/visitmarratxi.es\/es\/ubicacion\/marratxi-es\/?post_type=venue\">Marratx\u00ed<\/a><\/li><\/ul><\/div><\/div><div class=\"gt-title\"><a href=\"https:\/\/visitmarratxi.es\/es\/lugar\/molino-de-can-pere-antoni\/\">Molino de ca&#8217;n Pere Antoni<\/a><\/div><div class=\"gt-excerpt\">Esta torre que observamos en la fachada forma parte de un antiguo molino de viento harinero, conocido popularmente como el Molino de ca\u2019n Pere Antoni. As\u00ed mismo, muy pr\u00f3ximo a este, encontramos tambi\u00e9n el Molino des Forn, en la calle...<\/div><\/div><\/div><div class=\"swiper-slide\" data-swiper-autoplay=\"15000\"><div class=\"gt-venue-style-1\"><div class=\"gt-image\"><a href=\"https:\/\/visitmarratxi.es\/es\/lugar\/fabrica-textil-ses-llistes-2\/\"><img loading=\"lazy\" decoding=\"async\" width=\"620\" height=\"400\" src=\"https:\/\/visitmarratxi.es\/wp-content\/uploads\/2022\/05\/12.jpg\" class=\"attachment-eventchamp-event-list size-eventchamp-event-list wp-post-image\" alt=\"\" srcset=\"https:\/\/visitmarratxi.es\/wp-content\/uploads\/2022\/05\/12.jpg 620w, https:\/\/visitmarratxi.es\/wp-content\/uploads\/2022\/05\/12-300x194.jpg 300w, https:\/\/visitmarratxi.es\/wp-content\/uploads\/2022\/05\/12-600x387.jpg 600w\" sizes=\"auto, (max-width: 620px) 100vw, 620px\" \/><\/a><div class=\"gt-location\"><ul><li><a href=\"https:\/\/visitmarratxi.es\/es\/ubicacion\/pont-dinca-es\/?post_type=venue\">Pont d&#8217;Inca<\/a><\/li><\/ul><\/div><\/div><div class=\"gt-title\"><a href=\"https:\/\/visitmarratxi.es\/es\/lugar\/fabrica-textil-ses-llistes-2\/\">Antigua f\u00e1brica textil Ses Llistes<\/a><\/div><\/div><\/div><\/div><div class=\"gt-pagination\"><div><a href=\"https:\/\/visitmarratxi.es\/es\/lugar\/\" class=\"gt-all-button\">All Venues<\/a><\/div><\/div><\/div><\/div>[\/vc_column_inner][\/vc_row_inner][\/vc_column][\/vc_row][vc_row full_width=\u00bbstretch_row\u00bb css=\u00bb.vc_custom_1685692977341{margin-top: 5vh !important;margin-bottom: 5vh !important;background-image: url(http:\/\/visitmarratxi.es\/wp-content\/uploads\/2023\/06\/bg-banner-ceramica-2.jpg?id=7261) !important;background-position: center !important;background-repeat: no-repeat !important;background-size: cover !important;}\u00bb el_class=\u00bbbanner-turisme\u00bb][vc_column][vc_row_inner css=\u00bb.vc_custom_1685692516531{padding-top: 5vh !important;padding-right: 5vh !important;padding-bottom: 5vh !important;padding-left: 5vh !important;}\u00bb][vc_column_inner width=\u00bb1\/4&#8243;][\/vc_column_inner][vc_column_inner width=\u00bb1\/2&#8243;]<div class=\"gt-heading gt-white gt-size1 gt-align-center\"><div class=\"gt-title\">CER\u00c1MICA<\/div><div class=\"gt-text\">Nuestro municipio es famoso en alfarer\u00eda desde hace siglos gracias a las canteras de arcilla blanca y tierra roja que hicieron posible la expansi\u00f3n de este precioso oficio, que alcanz\u00f3 su m\u00e1xima actividad en el siglo XIX con m\u00e1s de 20 talleres.<\/div><\/div><div class=\"gt-button gt-style-1 gt-align-center gt-inline-false gt-margin-false\"><a href=\"http:\/\/visitmarratxi.es\/es\/lugar\/ceramica-de-marratxi\/\" target=\"_parent\"><span>Ver m\u00e1s<\/span><\/a><\/div>[\/vc_column_inner][vc_column_inner width=\u00bb1\/4&#8243;][\/vc_column_inner][\/vc_row_inner][\/vc_column][\/vc_row][vc_row el_class=\u00bbfeed-turisme\u00bb][vc_column][vc_row_inner content_placement=\u00bbmiddle\u00bb gap=\u00bb30&#8243; css=\u00bb.vc_custom_1685695296428{padding-right: 16px !important;padding-left: 16px !important;}\u00bb][vc_column_inner width=\u00bb1\/3&#8243;]<div class=\"gt-heading gt-dark gt-size1 gt-align-left\"><div class=\"gt-title\">GASTRONOM\u00cdA<\/div><\/div>[vc_column_text css=\u00bb.vc_custom_1685697825283{margin-top: 20px !important;}\u00bb]<span style=\"font-weight: 400;\">La creatividad, los sabores diferentes, la calidad, la artesan\u00eda, el arte y el buen gusto est\u00e1n muy presentes en Marratx\u00ed. Aqu\u00ed puedes disfrutar de la mejor gastronom\u00eda y de un servicio esmerado con todo tipo de restaurantes y de productos genuinos en comercios emblem\u00e1ticos.<\/span>[\/vc_column_text]<div class=\"gt-button gt-style-1 gt-align-left gt-inline-false gt-margin-false\"><a href=\"http:\/\/visitmarratxi.es\/es\/gastronomia\/\" target=\"_parent\"><span>Ver m\u00e1s<\/span><\/a><\/div>[\/vc_column_inner][vc_column_inner width=\u00bb2\/3&#8243; css=\u00bb.vc_custom_1685693104583{padding-top: 15vh !important;padding-bottom: 15vh !important;background-image: url(http:\/\/visitmarratxi.es\/wp-content\/uploads\/2023\/06\/bg-tur-gastro.jpg?id=7264) !important;background-position: center !important;background-repeat: no-repeat !important;background-size: cover !important;border-radius: 5px !important;}\u00bb][\/vc_column_inner][\/vc_row_inner][vc_row_inner content_placement=\u00bbmiddle\u00bb gap=\u00bb30&#8243;][vc_column_inner]<div class=\"gt-venues-carousel gt-dark\"><div class=\"swiper-container gt-swiper-slider\" data-gt-item=\"3\" data-gt-item-space=\"30\" data-gt-loop=\"true\" data-gt-speed=\"1000\" data-gt-direction=\"horizontal\" data-gt-effect=\"slide\" data-gt-centered-slides=\"false\" data-gt-free-mode=\"false\"><div class=\"swiper-wrapper\"><div class=\"swiper-slide\" data-swiper-autoplay=\"15000\"><div class=\"gt-venue-style-1\"><div class=\"gt-image\"><a href=\"https:\/\/visitmarratxi.es\/es\/lugar\/mercados-tradicionales-en-el-municipio-de-marratxi\/\"><img loading=\"lazy\" decoding=\"async\" width=\"620\" height=\"400\" src=\"https:\/\/visitmarratxi.es\/wp-content\/uploads\/2018\/11\/5.-Mercats.jpg\" class=\"attachment-eventchamp-event-list size-eventchamp-event-list wp-post-image\" alt=\"Mercats\" srcset=\"https:\/\/visitmarratxi.es\/wp-content\/uploads\/2018\/11\/5.-Mercats.jpg 620w, https:\/\/visitmarratxi.es\/wp-content\/uploads\/2018\/11\/5.-Mercats-300x194.jpg 300w, https:\/\/visitmarratxi.es\/wp-content\/uploads\/2018\/11\/5.-Mercats-600x387.jpg 600w\" sizes=\"auto, (max-width: 620px) 100vw, 620px\" \/><\/a><div class=\"gt-location\"><ul><li><a href=\"https:\/\/visitmarratxi.es\/es\/ubicacion\/marratxi-es\/?post_type=venue\">Marratx\u00ed<\/a><\/li><li><a href=\"https:\/\/visitmarratxi.es\/es\/ubicacion\/pla-de-na-tesa-2\/?post_type=venue\">Pla de na Tesa<\/a><\/li><li><a href=\"https:\/\/visitmarratxi.es\/es\/ubicacion\/portol-2\/?post_type=venue\">P\u00f2rtol<\/a><\/li><li><a href=\"https:\/\/visitmarratxi.es\/es\/ubicacion\/sa-cabaneta\/?post_type=venue\">Sa Cabaneta<\/a><\/li><\/ul><\/div><\/div><div class=\"gt-title\"><a href=\"https:\/\/visitmarratxi.es\/es\/lugar\/mercados-tradicionales-en-el-municipio-de-marratxi\/\">Mercados tradicionales en el municipio de Marratx\u00ed<\/a><\/div><div class=\"gt-excerpt\">D\u00eda y horario: Martes de 8:00 AM a 13:00 PM Ubicaci\u00f3n: Pla de Na Tesa, Pla\u00e7a de l\u2019Esgl\u00e9sia. D\u00eda y horario: Mi\u00e9rcoles de 8:00 AM a 13:00 PM Ubicaci\u00f3n: Sa Cabana, Pla\u00e7a Cabana. D\u00eda y horario: Jueves de 8:00 AM...<\/div><\/div><\/div><div class=\"swiper-slide\" data-swiper-autoplay=\"15000\"><div class=\"gt-venue-style-1\"><div class=\"gt-image\"><a href=\"https:\/\/visitmarratxi.es\/es\/lugar\/fira-llet-dametla\/\"><img loading=\"lazy\" decoding=\"async\" width=\"620\" height=\"400\" src=\"https:\/\/visitmarratxi.es\/wp-content\/uploads\/2022\/02\/Fira-llet-ametlla-3-1.jpg\" class=\"attachment-eventchamp-event-list size-eventchamp-event-list wp-post-image\" alt=\"Fira llet ametlla\" srcset=\"https:\/\/visitmarratxi.es\/wp-content\/uploads\/2022\/02\/Fira-llet-ametlla-3-1.jpg 620w, https:\/\/visitmarratxi.es\/wp-content\/uploads\/2022\/02\/Fira-llet-ametlla-3-1-300x194.jpg 300w, https:\/\/visitmarratxi.es\/wp-content\/uploads\/2022\/02\/Fira-llet-ametlla-3-1-600x387.jpg 600w\" sizes=\"auto, (max-width: 620px) 100vw, 620px\" \/><\/a><div class=\"gt-location\"><ul><li><a href=\"https:\/\/visitmarratxi.es\/es\/ubicacion\/marratxi-es\/?post_type=venue\">Marratx\u00ed<\/a><\/li><\/ul><\/div><\/div><div class=\"gt-title\"><a href=\"https:\/\/visitmarratxi.es\/es\/lugar\/fira-llet-dametla\/\">Feria de la Llet d&#8217;Ametla<\/a><\/div><div class=\"gt-excerpt\">La feria de la Llet d\u2019Ametla se organiza cada a\u00f1o a mediados de mes de diciembre. Una tradici\u00f3n que sigue viva gracias a\u00a0cuatro\u00a0familias que conservan los molinos para fabricar esta leche.<\/div><\/div><\/div><div class=\"swiper-slide\" data-swiper-autoplay=\"15000\"><div class=\"gt-venue-style-1\"><div class=\"gt-image\"><a href=\"https:\/\/visitmarratxi.es\/es\/lugar\/fang-cuina\/\"><img loading=\"lazy\" decoding=\"async\" width=\"620\" height=\"400\" src=\"https:\/\/visitmarratxi.es\/wp-content\/uploads\/2022\/02\/Fang-Cuina-2-1.jpg\" class=\"attachment-eventchamp-event-list size-eventchamp-event-list wp-post-image\" alt=\"Fang Cuina\" srcset=\"https:\/\/visitmarratxi.es\/wp-content\/uploads\/2022\/02\/Fang-Cuina-2-1.jpg 620w, https:\/\/visitmarratxi.es\/wp-content\/uploads\/2022\/02\/Fang-Cuina-2-1-300x194.jpg 300w, https:\/\/visitmarratxi.es\/wp-content\/uploads\/2022\/02\/Fang-Cuina-2-1-600x387.jpg 600w\" sizes=\"auto, (max-width: 620px) 100vw, 620px\" \/><\/a><div class=\"gt-location\"><ul><li><a href=\"https:\/\/visitmarratxi.es\/es\/ubicacion\/marratxi-es\/?post_type=venue\">Marratx\u00ed<\/a><\/li><\/ul><\/div><\/div><div class=\"gt-title\"><a href=\"https:\/\/visitmarratxi.es\/es\/lugar\/fang-cuina\/\">Fang Cuina<\/a><\/div><div class=\"gt-excerpt\">Muestra de Gastronom\u00eda y Cer\u00e1mica en Marratx\u00ed. Fang Cuina es una iniciativa para dar a conocer la cocina de Marratx\u00ed combinada con el barro. \u00bfTe atreves a hacer alguna de estas recetas?<\/div><\/div><\/div><div class=\"swiper-slide\" data-swiper-autoplay=\"15000\"><div class=\"gt-venue-style-1\"><div class=\"gt-image\"><a href=\"https:\/\/visitmarratxi.es\/es\/lugar\/bodegas-suau\/\"><img loading=\"lazy\" decoding=\"async\" width=\"620\" height=\"400\" src=\"https:\/\/visitmarratxi.es\/wp-content\/uploads\/2022\/03\/12.jpg\" class=\"attachment-eventchamp-event-list size-eventchamp-event-list wp-post-image\" alt=\"\" srcset=\"https:\/\/visitmarratxi.es\/wp-content\/uploads\/2022\/03\/12.jpg 620w, https:\/\/visitmarratxi.es\/wp-content\/uploads\/2022\/03\/12-300x194.jpg 300w, https:\/\/visitmarratxi.es\/wp-content\/uploads\/2022\/03\/12-600x387.jpg 600w\" sizes=\"auto, (max-width: 620px) 100vw, 620px\" \/><\/a><div class=\"gt-location\"><ul><li><a href=\"https:\/\/visitmarratxi.es\/es\/ubicacion\/marratxi-es\/?post_type=venue\">Marratx\u00ed<\/a><\/li><\/ul><\/div><\/div><div class=\"gt-title\"><a href=\"https:\/\/visitmarratxi.es\/es\/lugar\/bodegas-suau\/\">Bodegas Suau<\/a><\/div><div class=\"gt-excerpt\">El brandy junto con la ginebra Premium son los productos estrella de las Bodegues Suau. Unas bodegas que apuestan por la innovaci\u00f3n. Su \u00faltima creaci\u00f3n es un brandy de 8 a\u00f1os con un toque de naranjas maceradas. Un sabor \u00fanico...<\/div><\/div><\/div><div class=\"swiper-slide\" data-swiper-autoplay=\"15000\"><div class=\"gt-venue-style-1\"><div class=\"gt-image\"><a href=\"https:\/\/visitmarratxi.es\/es\/lugar\/bodegas-tunel\/\"><img loading=\"lazy\" decoding=\"async\" width=\"620\" height=\"400\" src=\"https:\/\/visitmarratxi.es\/wp-content\/uploads\/2022\/03\/620x400-Tunel.jpg\" class=\"attachment-eventchamp-event-list size-eventchamp-event-list wp-post-image\" alt=\"\" srcset=\"https:\/\/visitmarratxi.es\/wp-content\/uploads\/2022\/03\/620x400-Tunel.jpg 620w, https:\/\/visitmarratxi.es\/wp-content\/uploads\/2022\/03\/620x400-Tunel-300x194.jpg 300w, https:\/\/visitmarratxi.es\/wp-content\/uploads\/2022\/03\/620x400-Tunel-600x387.jpg 600w\" sizes=\"auto, (max-width: 620px) 100vw, 620px\" \/><\/a><div class=\"gt-location\"><ul><li><a href=\"https:\/\/visitmarratxi.es\/es\/ubicacion\/marratxi-es\/?post_type=venue\">Marratx\u00ed<\/a><\/li><\/ul><\/div><\/div><div class=\"gt-title\"><a href=\"https:\/\/visitmarratxi.es\/es\/lugar\/bodegas-tunel\/\">Hierbas T\u00fanel<\/a><\/div><div class=\"gt-excerpt\">Distribuciones T\u00fanel antes denominados Bodegas T\u00fanel es una empresa familiar de distribuci\u00f3n de vinos y licores que se fund\u00f3 el 1986 y est\u00e1 ubicada en Marratx\u00ed. Se ha convertido en una de las distribuidoras m\u00e1s grandes de Baleares. Hierbas secas,...<\/div><\/div><\/div><div class=\"swiper-slide\" data-swiper-autoplay=\"15000\"><div class=\"gt-venue-style-1\"><div class=\"gt-image\"><a href=\"https:\/\/visitmarratxi.es\/es\/lugar\/ron-amazonas\/\"><img loading=\"lazy\" decoding=\"async\" width=\"620\" height=\"400\" src=\"https:\/\/visitmarratxi.es\/wp-content\/uploads\/2022\/03\/620x400-Amazona.jpg\" class=\"attachment-eventchamp-event-list size-eventchamp-event-list wp-post-image\" alt=\"\" srcset=\"https:\/\/visitmarratxi.es\/wp-content\/uploads\/2022\/03\/620x400-Amazona.jpg 620w, https:\/\/visitmarratxi.es\/wp-content\/uploads\/2022\/03\/620x400-Amazona-300x194.jpg 300w, https:\/\/visitmarratxi.es\/wp-content\/uploads\/2022\/03\/620x400-Amazona-600x387.jpg 600w\" sizes=\"auto, (max-width: 620px) 100vw, 620px\" \/><\/a><div class=\"gt-location\"><ul><li><a href=\"https:\/\/visitmarratxi.es\/es\/ubicacion\/marratxi-es\/?post_type=venue\">Marratx\u00ed<\/a><\/li><\/ul><\/div><\/div><div class=\"gt-title\"><a href=\"https:\/\/visitmarratxi.es\/es\/lugar\/ron-amazonas\/\">Ron Amazona<\/a><\/div><div class=\"gt-excerpt\">El ron dulce es una de las bebidas m\u00e1s t\u00edpicas de Mallorca y en Marratx\u00ed se produce desde el 1982 gracias a la compa\u00f1\u00eda Limsa. Una empresa de larga tradici\u00f3n que elabora anis, licores y ron. Hoy en d\u00eda, producen...<\/div><\/div><\/div><div class=\"swiper-slide\" data-swiper-autoplay=\"15000\"><div class=\"gt-venue-style-1\"><div class=\"gt-image\"><a href=\"https:\/\/visitmarratxi.es\/es\/lugar\/125-aniversario-el-forn-del-pla-de-na-tesa\/\"><img loading=\"lazy\" decoding=\"async\" width=\"800\" height=\"579\" src=\"https:\/\/visitmarratxi.es\/wp-content\/uploads\/2024\/06\/esforn_pladenatesa-800x579.jpg\" class=\"attachment-eventchamp-event-list size-eventchamp-event-list wp-post-image\" alt=\"\" \/><\/a><div class=\"gt-location\"><ul><li><a href=\"https:\/\/visitmarratxi.es\/es\/ubicacion\/cami-de-son-alegre-2\/?post_type=venue\">Cam\u00ed de Son Alegre<\/a><\/li><li><a href=\"https:\/\/visitmarratxi.es\/es\/ubicacion\/marratxi-es\/?post_type=venue\">Marratx\u00ed<\/a><\/li><\/ul><\/div><\/div><div class=\"gt-title\"><a href=\"https:\/\/visitmarratxi.es\/es\/lugar\/125-aniversario-el-forn-del-pla-de-na-tesa\/\">125 aniversario el Forn del Pla de na Tesa<\/a><\/div><div class=\"gt-excerpt\">HISTORIA Las paredes del Forn del Pla de na Tesa guardan 125 a\u00f1os de una rica historia familiar que, generaci\u00f3n tras generaci\u00f3n, ha preservado la tradici\u00f3n y la excelencia artesanal, convirti\u00e9ndose en un comercio emblem\u00e1tico para el municipio de Marratx\u00ed....<\/div><\/div><\/div><\/div><div class=\"gt-pagination\"><div><a href=\"https:\/\/visitmarratxi.es\/es\/lugar\/\" class=\"gt-all-button\">All Venues<\/a><\/div><\/div><\/div><\/div>[\/vc_column_inner][\/vc_row_inner][\/vc_column][\/vc_row][vc_row el_class=\u00bbfeed-turisme\u00bb css=\u00bb.vc_custom_1685693963427{margin-top: 5vh !important;}\u00bb][vc_column][vc_row_inner content_placement=\u00bbmiddle\u00bb gap=\u00bb30&#8243; css=\u00bb.vc_custom_1685695284292{padding-right: 16px !important;padding-left: 16px !important;}\u00bb][vc_column_inner width=\u00bb1\/3&#8243;]<div class=\"gt-heading gt-dark gt-size1 gt-align-left\"><div class=\"gt-title\">DEGUSTAR Y COMPRAR<\/div><\/div>[vc_column_text css=\u00bb.vc_custom_1685697888265{margin-top: 20px !important;}\u00bb]<span style=\"font-weight: 400;\">En Marratx\u00ed encontrar\u00e1s muchos comercios, tanto de marcas conocidas, como de producto local. Esto lo convierte en un municipio perfecto para perderte por sus preciosas calles y pasar un d\u00eda perfecto con los tuyos. <\/span>[\/vc_column_text]<div class=\"gt-button gt-style-1 gt-align-left gt-inline-false gt-margin-false\"><a href=\"http:\/\/visitmarratxi.es\/es\/degustar-y-comprar\/\" target=\"_parent\"><span>Ver m\u00e1s<\/span><\/a><\/div>[\/vc_column_inner][vc_column_inner width=\u00bb2\/3&#8243; css=\u00bb.vc_custom_1685693617571{padding-top: 15vh !important;padding-bottom: 15vh !important;background-image: url(http:\/\/visitmarratxi.es\/wp-content\/uploads\/2023\/06\/bg-tur-shopping.jpg?id=7267) !important;background-position: center !important;background-repeat: no-repeat !important;background-size: cover !important;border-radius: 5px !important;}\u00bb][\/vc_column_inner][\/vc_row_inner][vc_row_inner content_placement=\u00bbmiddle\u00bb gap=\u00bb30&#8243;][vc_column_inner]<div class=\"gt-venues-carousel gt-dark\"><div class=\"swiper-container gt-swiper-slider\" data-gt-item=\"3\" data-gt-item-space=\"30\" data-gt-loop=\"true\" data-gt-speed=\"1000\" data-gt-direction=\"horizontal\" data-gt-effect=\"slide\" data-gt-centered-slides=\"false\" data-gt-free-mode=\"false\"><div class=\"swiper-wrapper\"><div class=\"swiper-slide\" data-swiper-autoplay=\"15000\"><div class=\"gt-venue-style-1\"><div class=\"gt-image\"><a href=\"https:\/\/visitmarratxi.es\/es\/lugar\/mercados-tradicionales-en-el-municipio-de-marratxi\/\"><img loading=\"lazy\" decoding=\"async\" width=\"620\" height=\"400\" src=\"https:\/\/visitmarratxi.es\/wp-content\/uploads\/2018\/11\/5.-Mercats.jpg\" class=\"attachment-eventchamp-event-list size-eventchamp-event-list wp-post-image\" alt=\"Mercats\" srcset=\"https:\/\/visitmarratxi.es\/wp-content\/uploads\/2018\/11\/5.-Mercats.jpg 620w, https:\/\/visitmarratxi.es\/wp-content\/uploads\/2018\/11\/5.-Mercats-300x194.jpg 300w, https:\/\/visitmarratxi.es\/wp-content\/uploads\/2018\/11\/5.-Mercats-600x387.jpg 600w\" sizes=\"auto, (max-width: 620px) 100vw, 620px\" \/><\/a><div class=\"gt-location\"><ul><li><a href=\"https:\/\/visitmarratxi.es\/es\/ubicacion\/marratxi-es\/?post_type=venue\">Marratx\u00ed<\/a><\/li><li><a href=\"https:\/\/visitmarratxi.es\/es\/ubicacion\/pla-de-na-tesa-2\/?post_type=venue\">Pla de na Tesa<\/a><\/li><li><a href=\"https:\/\/visitmarratxi.es\/es\/ubicacion\/portol-2\/?post_type=venue\">P\u00f2rtol<\/a><\/li><li><a href=\"https:\/\/visitmarratxi.es\/es\/ubicacion\/sa-cabaneta\/?post_type=venue\">Sa Cabaneta<\/a><\/li><\/ul><\/div><\/div><div class=\"gt-title\"><a href=\"https:\/\/visitmarratxi.es\/es\/lugar\/mercados-tradicionales-en-el-municipio-de-marratxi\/\">Mercados tradicionales en el municipio de Marratx\u00ed<\/a><\/div><div class=\"gt-excerpt\">D\u00eda y horario: Martes de 8:00 AM a 13:00 PM Ubicaci\u00f3n: Pla de Na Tesa, Pla\u00e7a de l\u2019Esgl\u00e9sia. D\u00eda y horario: Mi\u00e9rcoles de 8:00 AM a 13:00 PM Ubicaci\u00f3n: Sa Cabana, Pla\u00e7a Cabana. D\u00eda y horario: Jueves de 8:00 AM...<\/div><\/div><\/div><div class=\"swiper-slide\" data-swiper-autoplay=\"15000\"><div class=\"gt-venue-style-1\"><div class=\"gt-image\"><a href=\"https:\/\/visitmarratxi.es\/es\/lugar\/fang-cuina\/\"><img loading=\"lazy\" decoding=\"async\" width=\"620\" height=\"400\" src=\"https:\/\/visitmarratxi.es\/wp-content\/uploads\/2022\/02\/Fang-Cuina-2-1.jpg\" class=\"attachment-eventchamp-event-list size-eventchamp-event-list wp-post-image\" alt=\"Fang Cuina\" srcset=\"https:\/\/visitmarratxi.es\/wp-content\/uploads\/2022\/02\/Fang-Cuina-2-1.jpg 620w, https:\/\/visitmarratxi.es\/wp-content\/uploads\/2022\/02\/Fang-Cuina-2-1-300x194.jpg 300w, https:\/\/visitmarratxi.es\/wp-content\/uploads\/2022\/02\/Fang-Cuina-2-1-600x387.jpg 600w\" sizes=\"auto, (max-width: 620px) 100vw, 620px\" \/><\/a><div class=\"gt-location\"><ul><li><a href=\"https:\/\/visitmarratxi.es\/es\/ubicacion\/marratxi-es\/?post_type=venue\">Marratx\u00ed<\/a><\/li><\/ul><\/div><\/div><div class=\"gt-title\"><a href=\"https:\/\/visitmarratxi.es\/es\/lugar\/fang-cuina\/\">Fang Cuina<\/a><\/div><div class=\"gt-excerpt\">Muestra de Gastronom\u00eda y Cer\u00e1mica en Marratx\u00ed. Fang Cuina es una iniciativa para dar a conocer la cocina de Marratx\u00ed combinada con el barro. \u00bfTe atreves a hacer alguna de estas recetas?<\/div><\/div><\/div><div class=\"swiper-slide\" data-swiper-autoplay=\"15000\"><div class=\"gt-venue-style-1\"><div class=\"gt-image\"><a href=\"https:\/\/visitmarratxi.es\/es\/lugar\/savenc\/\"><img loading=\"lazy\" decoding=\"async\" width=\"620\" height=\"400\" src=\"https:\/\/visitmarratxi.es\/wp-content\/uploads\/2022\/03\/SAvenc.jpg\" class=\"attachment-eventchamp-event-list size-eventchamp-event-list wp-post-image\" alt=\"\" srcset=\"https:\/\/visitmarratxi.es\/wp-content\/uploads\/2022\/03\/SAvenc.jpg 620w, https:\/\/visitmarratxi.es\/wp-content\/uploads\/2022\/03\/SAvenc-300x194.jpg 300w, https:\/\/visitmarratxi.es\/wp-content\/uploads\/2022\/03\/SAvenc-600x387.jpg 600w\" sizes=\"auto, (max-width: 620px) 100vw, 620px\" \/><\/a><div class=\"gt-location\"><ul><li><a href=\"https:\/\/visitmarratxi.es\/es\/ubicacion\/marratxi-es\/?post_type=venue\">Marratx\u00ed<\/a><\/li><\/ul><\/div><\/div><div class=\"gt-title\"><a href=\"https:\/\/visitmarratxi.es\/es\/lugar\/savenc\/\">S\u2019Avenc<\/a><\/div><div class=\"gt-excerpt\">Gracias a la civilizaci\u00f3n griega la miel forma parte de la gastronom\u00eda de Mallorca .Un legado que nos dio como resultado nuestra estimada dieta mediterr\u00e1nea.<\/div><\/div><\/div><div class=\"swiper-slide\" data-swiper-autoplay=\"15000\"><div class=\"gt-venue-style-1\"><div class=\"gt-image\"><a href=\"https:\/\/visitmarratxi.es\/es\/lugar\/bodegas-suau\/\"><img loading=\"lazy\" decoding=\"async\" width=\"620\" height=\"400\" src=\"https:\/\/visitmarratxi.es\/wp-content\/uploads\/2022\/03\/12.jpg\" class=\"attachment-eventchamp-event-list size-eventchamp-event-list wp-post-image\" alt=\"\" srcset=\"https:\/\/visitmarratxi.es\/wp-content\/uploads\/2022\/03\/12.jpg 620w, https:\/\/visitmarratxi.es\/wp-content\/uploads\/2022\/03\/12-300x194.jpg 300w, https:\/\/visitmarratxi.es\/wp-content\/uploads\/2022\/03\/12-600x387.jpg 600w\" sizes=\"auto, (max-width: 620px) 100vw, 620px\" \/><\/a><div class=\"gt-location\"><ul><li><a href=\"https:\/\/visitmarratxi.es\/es\/ubicacion\/marratxi-es\/?post_type=venue\">Marratx\u00ed<\/a><\/li><\/ul><\/div><\/div><div class=\"gt-title\"><a href=\"https:\/\/visitmarratxi.es\/es\/lugar\/bodegas-suau\/\">Bodegas Suau<\/a><\/div><div class=\"gt-excerpt\">El brandy junto con la ginebra Premium son los productos estrella de las Bodegues Suau. Unas bodegas que apuestan por la innovaci\u00f3n. Su \u00faltima creaci\u00f3n es un brandy de 8 a\u00f1os con un toque de naranjas maceradas. Un sabor \u00fanico...<\/div><\/div><\/div><div class=\"swiper-slide\" data-swiper-autoplay=\"15000\"><div class=\"gt-venue-style-1\"><div class=\"gt-image\"><a href=\"https:\/\/visitmarratxi.es\/es\/lugar\/bodegas-tunel\/\"><img loading=\"lazy\" decoding=\"async\" width=\"620\" height=\"400\" src=\"https:\/\/visitmarratxi.es\/wp-content\/uploads\/2022\/03\/620x400-Tunel.jpg\" class=\"attachment-eventchamp-event-list size-eventchamp-event-list wp-post-image\" alt=\"\" srcset=\"https:\/\/visitmarratxi.es\/wp-content\/uploads\/2022\/03\/620x400-Tunel.jpg 620w, https:\/\/visitmarratxi.es\/wp-content\/uploads\/2022\/03\/620x400-Tunel-300x194.jpg 300w, https:\/\/visitmarratxi.es\/wp-content\/uploads\/2022\/03\/620x400-Tunel-600x387.jpg 600w\" sizes=\"auto, (max-width: 620px) 100vw, 620px\" \/><\/a><div class=\"gt-location\"><ul><li><a href=\"https:\/\/visitmarratxi.es\/es\/ubicacion\/marratxi-es\/?post_type=venue\">Marratx\u00ed<\/a><\/li><\/ul><\/div><\/div><div class=\"gt-title\"><a href=\"https:\/\/visitmarratxi.es\/es\/lugar\/bodegas-tunel\/\">Hierbas T\u00fanel<\/a><\/div><div class=\"gt-excerpt\">Distribuciones T\u00fanel antes denominados Bodegas T\u00fanel es una empresa familiar de distribuci\u00f3n de vinos y licores que se fund\u00f3 el 1986 y est\u00e1 ubicada en Marratx\u00ed. Se ha convertido en una de las distribuidoras m\u00e1s grandes de Baleares. Hierbas secas,...<\/div><\/div><\/div><div class=\"swiper-slide\" data-swiper-autoplay=\"15000\"><div class=\"gt-venue-style-1\"><div class=\"gt-image\"><a href=\"https:\/\/visitmarratxi.es\/es\/lugar\/ron-amazonas\/\"><img loading=\"lazy\" decoding=\"async\" width=\"620\" height=\"400\" src=\"https:\/\/visitmarratxi.es\/wp-content\/uploads\/2022\/03\/620x400-Amazona.jpg\" class=\"attachment-eventchamp-event-list size-eventchamp-event-list wp-post-image\" alt=\"\" srcset=\"https:\/\/visitmarratxi.es\/wp-content\/uploads\/2022\/03\/620x400-Amazona.jpg 620w, https:\/\/visitmarratxi.es\/wp-content\/uploads\/2022\/03\/620x400-Amazona-300x194.jpg 300w, https:\/\/visitmarratxi.es\/wp-content\/uploads\/2022\/03\/620x400-Amazona-600x387.jpg 600w\" sizes=\"auto, (max-width: 620px) 100vw, 620px\" \/><\/a><div class=\"gt-location\"><ul><li><a href=\"https:\/\/visitmarratxi.es\/es\/ubicacion\/marratxi-es\/?post_type=venue\">Marratx\u00ed<\/a><\/li><\/ul><\/div><\/div><div class=\"gt-title\"><a href=\"https:\/\/visitmarratxi.es\/es\/lugar\/ron-amazonas\/\">Ron Amazona<\/a><\/div><div class=\"gt-excerpt\">El ron dulce es una de las bebidas m\u00e1s t\u00edpicas de Mallorca y en Marratx\u00ed se produce desde el 1982 gracias a la compa\u00f1\u00eda Limsa. Una empresa de larga tradici\u00f3n que elabora anis, licores y ron. Hoy en d\u00eda, producen...<\/div><\/div><\/div><div class=\"swiper-slide\" data-swiper-autoplay=\"15000\"><div class=\"gt-venue-style-1\"><div class=\"gt-image\"><a href=\"https:\/\/visitmarratxi.es\/es\/lugar\/hornos-y-pastelerias-tradicionales\/\"><img loading=\"lazy\" decoding=\"async\" width=\"952\" height=\"579\" src=\"https:\/\/visitmarratxi.es\/wp-content\/uploads\/2022\/02\/DSC07512-952x579.jpg\" class=\"attachment-eventchamp-event-list size-eventchamp-event-list wp-post-image\" alt=\"\" srcset=\"https:\/\/visitmarratxi.es\/wp-content\/uploads\/2022\/02\/DSC07512-952x579.jpg 952w, https:\/\/visitmarratxi.es\/wp-content\/uploads\/2022\/02\/DSC07512-130x80.jpg 130w\" sizes=\"auto, (max-width: 952px) 100vw, 952px\" \/><\/a><div class=\"gt-location\"><ul><li><a href=\"https:\/\/visitmarratxi.es\/es\/ubicacion\/marratxi-es\/?post_type=venue\">Marratx\u00ed<\/a><\/li><li><a href=\"https:\/\/visitmarratxi.es\/es\/ubicacion\/pla-de-na-tesa-2\/?post_type=venue\">Pla de na Tesa<\/a><\/li><li><a href=\"https:\/\/visitmarratxi.es\/es\/ubicacion\/portol-2\/?post_type=venue\">P\u00f2rtol<\/a><\/li><li><a href=\"https:\/\/visitmarratxi.es\/es\/ubicacion\/sa-cabaneta\/?post_type=venue\">Sa Cabaneta<\/a><\/li><\/ul><\/div><\/div><div class=\"gt-title\"><a href=\"https:\/\/visitmarratxi.es\/es\/lugar\/hornos-y-pastelerias-tradicionales\/\">Comercios emblem\u00e1ticos<\/a><\/div><div class=\"gt-excerpt\">Los comercios emblem\u00e1ticos son s\u00edmbolo y expresi\u00f3n de la identidad de Marratx\u00ed, establecimientos que han sabido vencer el paso del tiempo. Por ello, queremos ayudar a incrementar su conocimiento porque forman parte de la historia del municipio y sus productos...<\/div><\/div><\/div><div class=\"swiper-slide\" data-swiper-autoplay=\"15000\"><div class=\"gt-venue-style-1\"><div class=\"gt-image\"><a href=\"https:\/\/visitmarratxi.es\/es\/lugar\/ceramica-de-marratxi\/\"><img loading=\"lazy\" decoding=\"async\" width=\"620\" height=\"400\" src=\"https:\/\/visitmarratxi.es\/wp-content\/uploads\/2022\/04\/anne-nygard-P7X0np30w30-unsplash-1.jpg\" class=\"attachment-eventchamp-event-list size-eventchamp-event-list wp-post-image\" alt=\"cer\u00e0mica Marratx\u00ed\" srcset=\"https:\/\/visitmarratxi.es\/wp-content\/uploads\/2022\/04\/anne-nygard-P7X0np30w30-unsplash-1.jpg 620w, https:\/\/visitmarratxi.es\/wp-content\/uploads\/2022\/04\/anne-nygard-P7X0np30w30-unsplash-1-300x194.jpg 300w, https:\/\/visitmarratxi.es\/wp-content\/uploads\/2022\/04\/anne-nygard-P7X0np30w30-unsplash-1-600x387.jpg 600w\" sizes=\"auto, (max-width: 620px) 100vw, 620px\" \/><\/a><div class=\"gt-location\"><ul><li><a href=\"https:\/\/visitmarratxi.es\/es\/ubicacion\/marratxi-es\/?post_type=venue\">Marratx\u00ed<\/a><\/li><li><a href=\"https:\/\/visitmarratxi.es\/es\/ubicacion\/portol-2\/?post_type=venue\">P\u00f2rtol<\/a><\/li><li><a href=\"https:\/\/visitmarratxi.es\/es\/ubicacion\/sa-cabaneta\/?post_type=venue\">Sa Cabaneta<\/a><\/li><\/ul><\/div><\/div><div class=\"gt-title\"><a href=\"https:\/\/visitmarratxi.es\/es\/lugar\/ceramica-de-marratxi\/\">Cer\u00e1mica de Marratx\u00ed<\/a><\/div><div class=\"gt-excerpt\">Lo m\u00e1s representativo del municipio de Marratx\u00ed es la cer\u00e1mica, una tradici\u00f3n que sigue viva gracias a los actuales productores: A continuaci\u00f3n, te presentamos un listado de los ceramistas de Marratx\u00ed: Siulleria i Gerraria Can Bernad\u00ed Nou L\u2019Albell\u00f3 Terra Cuita...<\/div><\/div><\/div><div class=\"swiper-slide\" data-swiper-autoplay=\"15000\"><div class=\"gt-venue-style-1\"><div class=\"gt-image\"><a href=\"https:\/\/visitmarratxi.es\/es\/lugar\/125-aniversario-el-forn-del-pla-de-na-tesa\/\"><img loading=\"lazy\" decoding=\"async\" width=\"800\" height=\"579\" src=\"https:\/\/visitmarratxi.es\/wp-content\/uploads\/2024\/06\/esforn_pladenatesa-800x579.jpg\" class=\"attachment-eventchamp-event-list size-eventchamp-event-list wp-post-image\" alt=\"\" \/><\/a><div class=\"gt-location\"><ul><li><a href=\"https:\/\/visitmarratxi.es\/es\/ubicacion\/cami-de-son-alegre-2\/?post_type=venue\">Cam\u00ed de Son Alegre<\/a><\/li><li><a href=\"https:\/\/visitmarratxi.es\/es\/ubicacion\/marratxi-es\/?post_type=venue\">Marratx\u00ed<\/a><\/li><\/ul><\/div><\/div><div class=\"gt-title\"><a href=\"https:\/\/visitmarratxi.es\/es\/lugar\/125-aniversario-el-forn-del-pla-de-na-tesa\/\">125 aniversario el Forn del Pla de na Tesa<\/a><\/div><div class=\"gt-excerpt\">HISTORIA Las paredes del Forn del Pla de na Tesa guardan 125 a\u00f1os de una rica historia familiar que, generaci\u00f3n tras generaci\u00f3n, ha preservado la tradici\u00f3n y la excelencia artesanal, convirti\u00e9ndose en un comercio emblem\u00e1tico para el municipio de Marratx\u00ed....<\/div><\/div><\/div><\/div><div class=\"gt-pagination\"><div><a href=\"https:\/\/visitmarratxi.es\/es\/lugar\/\" class=\"gt-all-button\">All Venues<\/a><\/div><\/div><\/div><\/div>[\/vc_column_inner][\/vc_row_inner][\/vc_column][\/vc_row][vc_row el_class=\u00bbfeed-turisme\u00bb css=\u00bb.vc_custom_1685693963427{margin-top: 5vh !important;}\u00bb][vc_column][vc_row_inner content_placement=\u00bbmiddle\u00bb gap=\u00bb30&#8243; css=\u00bb.vc_custom_1685695274207{padding-right: 16px !important;padding-left: 16px !important;}\u00bb][vc_column_inner width=\u00bb1\/3&#8243;]<div class=\"gt-heading gt-dark gt-size1 gt-align-left\"><div class=\"gt-title\">DEPORTE<\/div><\/div>[vc_column_text css=\u00bb.vc_custom_1685697931626{margin-top: 20px !important;}\u00bb]<span style=\"font-weight: 400;\">Con mochila o sin, pero con unos zapatos c\u00f3modos. En Marratx\u00ed tienes infinidad de rutas, excursiones, itinerarios o relajantes paseadas&#8230; para poder cuidarte andando, mientras vas descubriendo lugares que ni te imaginabas. \u00a1Adelante!<\/span>[\/vc_column_text]<div class=\"gt-button gt-style-1 gt-align-left gt-inline-false gt-margin-false\"><a href=\"http:\/\/visitmarratxi.es\/es\/deporte\/\" target=\"_parent\"><span>Ver m\u00e1s<\/span><\/a><\/div>[\/vc_column_inner][vc_column_inner width=\u00bb2\/3&#8243; css=\u00bb.vc_custom_1685694145019{padding-top: 15vh !important;padding-bottom: 15vh !important;background-image: url(http:\/\/visitmarratxi.es\/wp-content\/uploads\/2023\/06\/bg-tur-sport.jpg?id=7274) !important;background-position: center !important;background-repeat: no-repeat !important;background-size: cover !important;border-radius: 5px !important;}\u00bb][\/vc_column_inner][\/vc_row_inner][vc_row_inner content_placement=\u00bbmiddle\u00bb gap=\u00bb30&#8243;][vc_column_inner]<div class=\"gt-venues-carousel gt-dark\"><div class=\"swiper-container gt-swiper-slider\" data-gt-item=\"3\" data-gt-item-space=\"30\" data-gt-loop=\"true\" data-gt-speed=\"1000\" data-gt-direction=\"horizontal\" data-gt-effect=\"slide\" data-gt-centered-slides=\"false\" data-gt-free-mode=\"false\"><div class=\"swiper-wrapper\"><div class=\"swiper-slide\" data-swiper-autoplay=\"15000\"><div class=\"gt-venue-style-1\"><div class=\"gt-image\"><a href=\"https:\/\/visitmarratxi.es\/es\/lugar\/ruta-del-fang\/\"><img loading=\"lazy\" decoding=\"async\" width=\"620\" height=\"400\" src=\"https:\/\/visitmarratxi.es\/wp-content\/uploads\/2022\/02\/Museu-del-Fang-1.jpg\" class=\"attachment-eventchamp-event-list size-eventchamp-event-list wp-post-image\" alt=\"Museu del Fang\" srcset=\"https:\/\/visitmarratxi.es\/wp-content\/uploads\/2022\/02\/Museu-del-Fang-1.jpg 620w, https:\/\/visitmarratxi.es\/wp-content\/uploads\/2022\/02\/Museu-del-Fang-1-300x194.jpg 300w, https:\/\/visitmarratxi.es\/wp-content\/uploads\/2022\/02\/Museu-del-Fang-1-600x387.jpg 600w\" sizes=\"auto, (max-width: 620px) 100vw, 620px\" \/><\/a><div class=\"gt-location\"><ul><li><a href=\"https:\/\/visitmarratxi.es\/es\/ubicacion\/marratxi-es\/?post_type=venue\">Marratx\u00ed<\/a><\/li><li><a href=\"https:\/\/visitmarratxi.es\/es\/ubicacion\/portol-2\/?post_type=venue\">P\u00f2rtol<\/a><\/li><li><a href=\"https:\/\/visitmarratxi.es\/es\/ubicacion\/sa-cabaneta\/?post_type=venue\">Sa Cabaneta<\/a><\/li><\/ul><\/div><\/div><div class=\"gt-title\"><a href=\"https:\/\/visitmarratxi.es\/es\/lugar\/ruta-del-fang\/\">Ruta del Fang<\/a><\/div><div class=\"gt-excerpt\">En Marratx\u00ed no puedes perderte uno de los recorridos m\u00e1s interesantes por los talleres de artesanos, denominado la ruta del fang. Donde encontrar\u00e1s ollas y todo tipo de utensilios hechos con barro. Te recomendamos que lo complementes con la visita...<\/div><\/div><\/div><div class=\"swiper-slide\" data-swiper-autoplay=\"15000\"><div class=\"gt-venue-style-1\"><div class=\"gt-image\"><a href=\"https:\/\/visitmarratxi.es\/es\/lugar\/rutes-saludables\/\"><img loading=\"lazy\" decoding=\"async\" width=\"620\" height=\"400\" src=\"https:\/\/visitmarratxi.es\/wp-content\/uploads\/2022\/02\/Sa-Bomba-1.jpg\" class=\"attachment-eventchamp-event-list size-eventchamp-event-list wp-post-image\" alt=\"Rutes saludables\" srcset=\"https:\/\/visitmarratxi.es\/wp-content\/uploads\/2022\/02\/Sa-Bomba-1.jpg 620w, https:\/\/visitmarratxi.es\/wp-content\/uploads\/2022\/02\/Sa-Bomba-1-300x194.jpg 300w, https:\/\/visitmarratxi.es\/wp-content\/uploads\/2022\/02\/Sa-Bomba-1-600x387.jpg 600w\" sizes=\"auto, (max-width: 620px) 100vw, 620px\" \/><\/a><div class=\"gt-location\"><ul><li><a href=\"https:\/\/visitmarratxi.es\/es\/ubicacion\/marratxi-es\/?post_type=venue\">Marratx\u00ed<\/a><\/li><li><a href=\"https:\/\/visitmarratxi.es\/es\/ubicacion\/portol-2\/?post_type=venue\">P\u00f2rtol<\/a><\/li><li><a href=\"https:\/\/visitmarratxi.es\/es\/ubicacion\/sa-cabaneta\/?post_type=venue\">Sa Cabaneta<\/a><\/li><\/ul><\/div><\/div><div class=\"gt-title\"><a href=\"https:\/\/visitmarratxi.es\/es\/lugar\/rutes-saludables\/\">Rutas saludables<\/a><\/div><div class=\"gt-excerpt\">Camino de la\u00a0Cimentera, su nombre viene dado porque es el camino donde se transportaban materias primas hasta la\u00a0cimentera. En el mismo camino encontrar\u00e9is un horno de piedra de planta circular antiguo. RUTA: Empezamos desde\u00a0P\u00f2rtol, desde el final de la calle...<\/div><\/div><\/div><\/div><div class=\"gt-pagination\"><div><a href=\"https:\/\/visitmarratxi.es\/es\/lugar\/\" class=\"gt-all-button\">All Venues<\/a><\/div><\/div><\/div><\/div>[\/vc_column_inner][\/vc_row_inner][\/vc_column][\/vc_row][vc_row el_class=\u00bbfeed-turisme\u00bb css=\u00bb.vc_custom_1685693963427{margin-top: 5vh !important;}\u00bb][vc_column][vc_row_inner content_placement=\u00bbmiddle\u00bb gap=\u00bb30&#8243; css=\u00bb.vc_custom_1685695274207{padding-right: 16px !important;padding-left: 16px !important;}\u00bb][vc_column_inner width=\u00bb1\/3&#8243;]<div class=\"gt-heading gt-dark gt-size1 gt-align-left\"><div class=\"gt-title\">DORMIR<\/div><\/div>[vc_column_text css=\u00bb.vc_custom_1685698036759{margin-top: 20px !important;}\u00bb]Descubre nuestros alojamientos y disfruta de un descanso bien merecido. En nuestro municipio seguro que encontrar\u00e1s el hotel que mejor se adapte a lo que necesitas, as\u00ed podr\u00e1s recargar las pilas y descubrir todo lo que te ofrece Marratx\u00ed.[\/vc_column_text]<div class=\"gt-button gt-style-1 gt-align-left gt-inline-false gt-margin-false\"><a href=\"http:\/\/visitmarratxi.es\/es\/dormir\/\" target=\"_parent\"><span>Ver m\u00e1s<\/span><\/a><\/div>[\/vc_column_inner][vc_column_inner width=\u00bb2\/3&#8243; css=\u00bb.vc_custom_1685695504445{padding-top: 15vh !important;padding-bottom: 15vh !important;background-image: url(http:\/\/visitmarratxi.es\/wp-content\/uploads\/2023\/06\/bg-tur-dormir.jpg?id=7284) !important;background-position: center !important;background-repeat: no-repeat !important;background-size: cover !important;border-radius: 5px !important;}\u00bb][\/vc_column_inner][\/vc_row_inner][vc_row_inner content_placement=\u00bbmiddle\u00bb gap=\u00bb30&#8243;][vc_column_inner]<div class=\"gt-venues-carousel gt-dark\"><div class=\"swiper-container gt-swiper-slider\" data-gt-item=\"3\" data-gt-item-space=\"30\" data-gt-loop=\"true\" data-gt-speed=\"1000\" data-gt-direction=\"horizontal\" data-gt-effect=\"slide\" data-gt-centered-slides=\"false\" data-gt-free-mode=\"false\"><div class=\"swiper-wrapper\"><div class=\"swiper-slide\" data-swiper-autoplay=\"15000\"><div class=\"gt-venue-style-1\"><div class=\"gt-image\"><a href=\"https:\/\/visitmarratxi.es\/es\/lugar\/asis-de-marratxinet\/\"><img loading=\"lazy\" decoding=\"async\" width=\"620\" height=\"400\" src=\"https:\/\/visitmarratxi.es\/wp-content\/uploads\/2022\/02\/2015-02-Asis-02-Light-02c-Fachada-Hospderia-1-1.jpeg\" class=\"attachment-eventchamp-event-list size-eventchamp-event-list wp-post-image\" alt=\"Asis de Marratxinet\" srcset=\"https:\/\/visitmarratxi.es\/wp-content\/uploads\/2022\/02\/2015-02-Asis-02-Light-02c-Fachada-Hospderia-1-1.jpeg 620w, https:\/\/visitmarratxi.es\/wp-content\/uploads\/2022\/02\/2015-02-Asis-02-Light-02c-Fachada-Hospderia-1-1-300x194.jpeg 300w, https:\/\/visitmarratxi.es\/wp-content\/uploads\/2022\/02\/2015-02-Asis-02-Light-02c-Fachada-Hospderia-1-1-600x387.jpeg 600w\" sizes=\"auto, (max-width: 620px) 100vw, 620px\" \/><\/a><div class=\"gt-location\"><ul><li><a href=\"https:\/\/visitmarratxi.es\/es\/ubicacion\/marratxinet-es\/?post_type=venue\">Marratxinet<\/a><\/li><\/ul><\/div><\/div><div class=\"gt-title\"><a href=\"https:\/\/visitmarratxi.es\/es\/lugar\/asis-de-marratxinet\/\">As\u00eds de Marratxinet<\/a><\/div><div class=\"gt-excerpt\">As\u00eds&nbsp;es un alojamiento ubicado en un antiguo convento franciscano del s. XIX. Ubicado en el n\u00facleo de&nbsp;Marratxinet, el cual da nombre al municipio actual de Marratx\u00ed, siendo una opci\u00f3n que destaca por su entorno. Una verdadera experiencia mallorquina en un...<\/div><\/div><\/div><div class=\"swiper-slide\" data-swiper-autoplay=\"15000\"><div class=\"gt-venue-style-1\"><div class=\"gt-image\"><a href=\"https:\/\/visitmarratxi.es\/es\/lugar\/son-caulelles-agroturismo\/\"><img loading=\"lazy\" decoding=\"async\" width=\"620\" height=\"400\" src=\"https:\/\/visitmarratxi.es\/wp-content\/uploads\/2022\/02\/18-exteriores-soncaulelles.jpg\" class=\"attachment-eventchamp-event-list size-eventchamp-event-list wp-post-image\" alt=\"soncaulelles\" srcset=\"https:\/\/visitmarratxi.es\/wp-content\/uploads\/2022\/02\/18-exteriores-soncaulelles.jpg 620w, https:\/\/visitmarratxi.es\/wp-content\/uploads\/2022\/02\/18-exteriores-soncaulelles-300x194.jpg 300w, https:\/\/visitmarratxi.es\/wp-content\/uploads\/2022\/02\/18-exteriores-soncaulelles-600x387.jpg 600w\" sizes=\"auto, (max-width: 620px) 100vw, 620px\" \/><\/a><div class=\"gt-location\"><ul><li><a href=\"https:\/\/visitmarratxi.es\/es\/ubicacion\/sa-cabaneta\/?post_type=venue\">Sa Cabaneta<\/a><\/li><\/ul><\/div><\/div><div class=\"gt-title\"><a href=\"https:\/\/visitmarratxi.es\/es\/lugar\/son-caulelles-agroturismo\/\">Son Caulelles Agroturismo<\/a><\/div><div class=\"gt-excerpt\">Las construcciones donde se encuentra el hotel de Son\u00a0Caulelles\u00a0ya exist\u00edan en el siglo XVI. El establecimiento de Son Caulelles, signific\u00f3 el inicio y la expansi\u00f3n del casco urbano de Sa Cabaneta. Es un lugar ideal para todos aquellos que quieren...<\/div><\/div><\/div><div class=\"swiper-slide\" data-swiper-autoplay=\"15000\"><div class=\"gt-venue-style-1\"><div class=\"gt-image\"><a href=\"https:\/\/visitmarratxi.es\/es\/lugar\/cal-secretari-vell-hotel\/\"><img loading=\"lazy\" decoding=\"async\" width=\"620\" height=\"400\" src=\"https:\/\/visitmarratxi.es\/wp-content\/uploads\/2022\/02\/Cal-secretari-vell.jpg\" class=\"attachment-eventchamp-event-list size-eventchamp-event-list wp-post-image\" alt=\"Cal secretari vell\" srcset=\"https:\/\/visitmarratxi.es\/wp-content\/uploads\/2022\/02\/Cal-secretari-vell.jpg 620w, https:\/\/visitmarratxi.es\/wp-content\/uploads\/2022\/02\/Cal-secretari-vell-300x194.jpg 300w, https:\/\/visitmarratxi.es\/wp-content\/uploads\/2022\/02\/Cal-secretari-vell-600x387.jpg 600w\" sizes=\"auto, (max-width: 620px) 100vw, 620px\" \/><\/a><div class=\"gt-location\"><ul><li><a href=\"https:\/\/visitmarratxi.es\/es\/ubicacion\/sa-cabaneta\/?post_type=venue\">Sa Cabaneta<\/a><\/li><\/ul><\/div><\/div><div class=\"gt-title\"><a href=\"https:\/\/visitmarratxi.es\/es\/lugar\/cal-secretari-vell-hotel\/\">Cal Secretari Vell Hotel<\/a><\/div><div class=\"gt-excerpt\">Se trata de una casa del siglo XIX catalogada como patrimonio hist\u00f3rico del municipio que presenta unas vistas espectaculares a la Sierra de Tramuntana. Est\u00e1 situada en el casco urbano de Sa Cabaneta, muy cerca de la iglesia de Sant...<\/div><\/div><\/div><div class=\"swiper-slide\" data-swiper-autoplay=\"15000\"><div class=\"gt-venue-style-1\"><div class=\"gt-image\"><a href=\"https:\/\/visitmarratxi.es\/es\/lugar\/es-moli-de-son-maiol\/\"><img loading=\"lazy\" decoding=\"async\" width=\"620\" height=\"400\" src=\"https:\/\/visitmarratxi.es\/wp-content\/uploads\/2022\/02\/Finca-Son-Maiol-620x400-1.jpg\" class=\"attachment-eventchamp-event-list size-eventchamp-event-list wp-post-image\" alt=\"Finca-Son-Maiol\" srcset=\"https:\/\/visitmarratxi.es\/wp-content\/uploads\/2022\/02\/Finca-Son-Maiol-620x400-1.jpg 620w, https:\/\/visitmarratxi.es\/wp-content\/uploads\/2022\/02\/Finca-Son-Maiol-620x400-1-300x194.jpg 300w, https:\/\/visitmarratxi.es\/wp-content\/uploads\/2022\/02\/Finca-Son-Maiol-620x400-1-600x387.jpg 600w\" sizes=\"auto, (max-width: 620px) 100vw, 620px\" \/><\/a><div class=\"gt-location\"><ul><li><a href=\"https:\/\/visitmarratxi.es\/es\/ubicacion\/marratxi-es\/?post_type=venue\">Marratx\u00ed<\/a><\/li><\/ul><\/div><\/div><div class=\"gt-title\"><a href=\"https:\/\/visitmarratxi.es\/es\/lugar\/es-moli-de-son-maiol\/\">Es Mol\u00ed de Son Maiol<\/a><\/div><div class=\"gt-excerpt\">Vi\u00f1as, almendros y olivos rodean Es Mol\u00ed de Son Maiol, una finca restaurada que tiene espl\u00e9ndidas vistas a la Serra de Tramuntana. Tiene capacidad para 8 personas, cuenta con 4 dormitorios (3 dobles y 1 de matrimonio). Todos ellos, tienen...<\/div><\/div><\/div><\/div><div class=\"gt-pagination\"><div><a href=\"https:\/\/visitmarratxi.es\/es\/lugar\/\" class=\"gt-all-button\">All Venues<\/a><\/div><\/div><\/div><\/div>[\/vc_column_inner][\/vc_row_inner][\/vc_column][\/vc_row][vc_row el_class=\u00bbbanners-turisme\u00bb css=\u00bb.vc_custom_1685697211799{margin-top: 5vh !important;}\u00bb][vc_column][vc_row_inner content_placement=\u00bbmiddle\u00bb][vc_column_inner width=\u00bb1\/2&#8243;]<div class=\"gt-banner-box\" style=\"background-image:url(https:\/\/visitmarratxi.es\/wp-content\/uploads\/2023\/06\/banner-arribar.jpg);\"><a href=\"http:\/\/visitmarratxi.es\/es\/llegar\/\" target=\"_parent\"><div class=\"gt-content\"><span class=\"primary\">C\u00d3MO LLEGAR<\/span><span class=\"secondary\">Marratx\u00ed es un municipio con 5 n\u00facleos de poblaci\u00f3n distintos, cada uno de ellos con sus particularidades. Aqu\u00ed encontrar\u00e1s toda la informaci\u00f3n para llegar a cada n\u00facleo.<\/span><\/div><\/a><\/div>[\/vc_column_inner][vc_column_inner width=\u00bb1\/2&#8243;]<div class=\"gt-banner-box\" style=\"background-image:url(https:\/\/visitmarratxi.es\/wp-content\/uploads\/2023\/06\/banner-contacta.jpg);\"><a href=\"http:\/\/visitmarratxi.es\/es\/contacta\/\" target=\"_parent\"><div class=\"gt-content\"><span class=\"primary\">CONT\u00c1CTANOS<\/span><span class=\"secondary\">Si tienes alguna sugerencia o te gustar\u00eda llevar a cabo alguna actividad con nosotros contacta con nosotros<\/span><\/div><\/a><\/div>[\/vc_column_inner][\/vc_row_inner][\/vc_column][\/vc_row]<\/p>\n<\/div>","protected":false},"excerpt":{"rendered":"<p>[vc_row][vc_column][vc_column_text css=\u00bb.vc_custom_1685697548398{padding-top: 40px !important;padding-right: 5vh !important;padding-bottom: 40px !important;padding-left: 5vh !important;}\u00bb] Marratx\u00ed es un rinc\u00f3n de Mallorca lleno de planes por hacer. Aqu\u00ed podr\u00e1s descubrir un municipio lleno de apasionante cultura, famoso por su cer\u00e1mica, lleno de lugares ricos donde poder&#8230;<\/p>\n","protected":false},"author":7,"featured_media":0,"parent":0,"menu_order":0,"comment_status":"closed","ping_status":"closed","template":"","meta":{"footnotes":""},"class_list":["post-7213","page","type-page","status-publish","hentry"],"_links":{"self":[{"href":"https:\/\/visitmarratxi.es\/es\/wp-json\/wp\/v2\/pages\/7213","targetHints":{"allow":["GET"]}}],"collection":[{"href":"https:\/\/visitmarratxi.es\/es\/wp-json\/wp\/v2\/pages"}],"about":[{"href":"https:\/\/visitmarratxi.es\/es\/wp-json\/wp\/v2\/types\/page"}],"author":[{"embeddable":true,"href":"https:\/\/visitmarratxi.es\/es\/wp-json\/wp\/v2\/users\/7"}],"replies":[{"embeddable":true,"href":"https:\/\/visitmarratxi.es\/es\/wp-json\/wp\/v2\/comments?post=7213"}],"version-history":[{"count":5,"href":"https:\/\/visitmarratxi.es\/es\/wp-json\/wp\/v2\/pages\/7213\/revisions"}],"predecessor-version":[{"id":11596,"href":"https:\/\/visitmarratxi.es\/es\/wp-json\/wp\/v2\/pages\/7213\/revisions\/11596"}],"wp:attachment":[{"href":"https:\/\/visitmarratxi.es\/es\/wp-json\/wp\/v2\/media?parent=7213"}],"curies":[{"name":"wp","href":"https:\/\/api.w.org\/{rel}","templated":true}]}}